{"id":4971,"date":"2024-08-13T08:45:02","date_gmt":"2024-08-13T08:45:02","guid":{"rendered":"https:\/\/educap.io\/?page_id=4971"},"modified":"2024-08-13T08:54:15","modified_gmt":"2024-08-13T08:54:15","slug":"les-droits-des-eleves-en-cas-dabsences-scolaires","status":"publish","type":"page","link":"https:\/\/educap.io\/fr_fr\/outils-scolaires\/absences-scolaires\/les-droits-des-eleves-en-cas-dabsences-scolaires\/","title":{"rendered":"Les droits des \u00e9l\u00e8ves en cas d&rsquo;absences scolaires"},"content":{"rendered":"\t\t<div data-elementor-type=\"wp-page\" data-elementor-id=\"4971\" class=\"elementor elementor-4971\" data-elementor-post-type=\"page\">\n\t\t\t\t\t\t<section class=\"elementor-section elementor-top-section elementor-element elementor-element-a8622ae elementor-section-boxed elementor-section-height-default elementor-section-height-default\" data-id=\"a8622ae\" data-element_type=\"section\" data-settings=\"{&quot;background_background&quot;:&quot;gradient&quot;}\">\n\t\t\t\t\t\t<div class=\"elementor-container elementor-column-gap-default\">\n\t\t\t\t\t<div class=\"elementor-column elementor-col-100 elementor-top-column elementor-element elementor-element-d93212f\" data-id=\"d93212f\" data-element_type=\"column\">\n\t\t\t<div class=\"elementor-widget-wrap elementor-element-populated\">\n\t\t\t\t\t\t<div class=\"elementor-element elementor-element-b4d4b38 elementor-widget__width-initial elementor-widget elementor-widget-heading\" data-id=\"b4d4b38\" data-element_type=\"widget\" data-widget_type=\"heading.default\">\n\t\t\t\t<div class=\"elementor-widget-container\">\n\t\t\t\t\t<h1 class=\"elementor-heading-title elementor-size-default\"><div class=\"elementor-element elementor-element-7cd4608b elementor-widget elementor-widget-theme-post-title elementor-page-title elementor-widget-heading\" style=\"flex-basis: var(--flex-basis);flex-grow: var(--flex-grow);flex-shrink: var(--flex-shrink);align-self: var(--align-self);flex-direction: var(--flex-direction);flex-wrap: var(--flex-wrap);justify-content: var(--justify-content);align-items: var(--align-items);align-content: var(--align-content);gap: var(--gap);--swiper-theme-color: #000;--swiper-navigation-size: 44px;--swiper-pagination-bullet-size: 6px;--swiper-pagination-bullet-horizontal-gap: 6px;--widgets-spacing: 20px 20px;width: 930px;font-size: 16px;font-weight: 400\"><div class=\"elementor-widget-container\"><h1 class=\"elementor-heading-title elementor-size-default\" style=\"line-height: 50px;font-size: 42px;letter-spacing: -1px\">Les droits des \u00e9l\u00e8ves en cas d'absences scolaires<\/h1><\/div><\/div><\/h1>\t\t\t\t<\/div>\n\t\t\t\t<\/div>\n\t\t\t\t\t<\/div>\n\t\t<\/div>\n\t\t\t\t\t<\/div>\n\t\t<\/section>\n\t\t\t\t<section class=\"elementor-section elementor-top-section elementor-element elementor-element-4ff791e elementor-section-boxed elementor-section-height-default elementor-section-height-default\" data-id=\"4ff791e\" data-element_type=\"section\">\n\t\t\t\t\t\t<div class=\"elementor-container elementor-column-gap-default\">\n\t\t\t\t\t<div class=\"elementor-column elementor-col-100 elementor-top-column elementor-element elementor-element-23815f8\" data-id=\"23815f8\" data-element_type=\"column\">\n\t\t\t<div class=\"elementor-widget-wrap elementor-element-populated\">\n\t\t\t\t\t\t<div class=\"elementor-element elementor-element-0df24af elementor-widget elementor-widget-image\" data-id=\"0df24af\" data-element_type=\"widget\" data-widget_type=\"image.default\">\n\t\t\t\t<div class=\"elementor-widget-container\">\n\t\t\t\t\t\t\t\t\t\t\t\t\t\t\t<img fetchpriority=\"high\" decoding=\"async\" width=\"326\" height=\"155\" src=\"https:\/\/educap.io\/wp-content\/uploads\/2024\/08\/images-1.jpeg\" class=\"attachment-large size-large wp-image-4973\" alt=\"\" srcset=\"https:\/\/educap.io\/wp-content\/uploads\/2024\/08\/images-1.jpeg 326w, https:\/\/educap.io\/wp-content\/uploads\/2024\/08\/images-1-300x143.jpeg 300w\" sizes=\"(max-width: 326px) 100vw, 326px\" \/>\t\t\t\t\t\t\t\t\t\t\t\t\t\t\t<\/div>\n\t\t\t\t<\/div>\n\t\t\t\t\t<\/div>\n\t\t<\/div>\n\t\t\t\t\t<\/div>\n\t\t<\/section>\n\t\t\t\t<section class=\"elementor-section elementor-top-section elementor-element elementor-element-55642f5 elementor-section-boxed elementor-section-height-default elementor-section-height-default\" data-id=\"55642f5\" data-element_type=\"section\">\n\t\t\t\t\t\t<div class=\"elementor-container elementor-column-gap-default\">\n\t\t\t\t\t<div class=\"elementor-column elementor-col-100 elementor-top-column elementor-element elementor-element-172a034\" data-id=\"172a034\" data-element_type=\"column\">\n\t\t\t<div class=\"elementor-widget-wrap elementor-element-populated\">\n\t\t\t\t\t\t<div class=\"elementor-element elementor-element-672d377 elementor-widget elementor-widget-heading\" data-id=\"672d377\" data-element_type=\"widget\" data-widget_type=\"heading.default\">\n\t\t\t\t<div class=\"elementor-widget-container\">\n\t\t\t\t\t<h3 class=\"elementor-heading-title elementor-size-default\">Introduction<\/h3>\t\t\t\t<\/div>\n\t\t\t\t<\/div>\n\t\t\t\t\t<\/div>\n\t\t<\/div>\n\t\t\t\t\t<\/div>\n\t\t<\/section>\n\t\t\t\t<section class=\"elementor-section elementor-top-section elementor-element elementor-element-7fc8a1d elementor-section-boxed elementor-section-height-default elementor-section-height-default\" data-id=\"7fc8a1d\" data-element_type=\"section\">\n\t\t\t\t\t\t<div class=\"elementor-container elementor-column-gap-default\">\n\t\t\t\t\t<div class=\"elementor-column elementor-col-100 elementor-top-column elementor-element elementor-element-08bafb6\" data-id=\"08bafb6\" data-element_type=\"column\">\n\t\t\t<div class=\"elementor-widget-wrap elementor-element-populated\">\n\t\t\t\t\t\t<div class=\"elementor-element elementor-element-50b6d64 elementor-widget elementor-widget-text-editor\" data-id=\"50b6d64\" data-element_type=\"widget\" data-widget_type=\"text-editor.default\">\n\t\t\t\t<div class=\"elementor-widget-container\">\n\t\t\t\t\t\t\t\t\t<p>Les absences scolaires sont un ph\u00e9nom\u00e8ne in\u00e9vitable dans la vie de tout \u00e9l\u00e8ve. Qu&rsquo;elles soient caus\u00e9es par des raisons de sant\u00e9, des obligations familiales ou d&rsquo;autres circonstances impr\u00e9vues, les absences doivent \u00eatre g\u00e9r\u00e9es de mani\u00e8re \u00e9quitable et conforme aux droits des \u00e9l\u00e8ves. Cet article explore les droits des \u00e9l\u00e8ves en cas d&rsquo;absences scolaires, en mettant l&rsquo;accent sur la l\u00e9gislation fran\u00e7aise, les proc\u00e9dures \u00e0 suivre, et les meilleures pratiques pour les parents et les \u00e9tablissements scolaires.<\/p>\t\t\t\t\t\t\t\t<\/div>\n\t\t\t\t<\/div>\n\t\t\t\t\t<\/div>\n\t\t<\/div>\n\t\t\t\t\t<\/div>\n\t\t<\/section>\n\t\t\t\t<section class=\"elementor-section elementor-top-section elementor-element elementor-element-06860cf elementor-section-boxed elementor-section-height-default elementor-section-height-default\" data-id=\"06860cf\" data-element_type=\"section\">\n\t\t\t\t\t\t<div class=\"elementor-container elementor-column-gap-default\">\n\t\t\t\t\t<div class=\"elementor-column elementor-col-100 elementor-top-column elementor-element elementor-element-d9b2265\" data-id=\"d9b2265\" data-element_type=\"column\">\n\t\t\t<div class=\"elementor-widget-wrap elementor-element-populated\">\n\t\t\t\t\t\t<div class=\"elementor-element elementor-element-44d74db elementor-widget elementor-widget-heading\" data-id=\"44d74db\" data-element_type=\"widget\" data-widget_type=\"heading.default\">\n\t\t\t\t<div class=\"elementor-widget-container\">\n\t\t\t\t\t<h3 class=\"elementor-heading-title elementor-size-default\">1. Les raisons l\u00e9gitimes des absences scolaires<\/h3>\t\t\t\t<\/div>\n\t\t\t\t<\/div>\n\t\t\t\t\t<\/div>\n\t\t<\/div>\n\t\t\t\t\t<\/div>\n\t\t<\/section>\n\t\t\t\t<section class=\"elementor-section elementor-top-section elementor-element elementor-element-c44c61d elementor-section-boxed elementor-section-height-default elementor-section-height-default\" data-id=\"c44c61d\" data-element_type=\"section\">\n\t\t\t\t\t\t<div class=\"elementor-container elementor-column-gap-default\">\n\t\t\t\t\t<div class=\"elementor-column elementor-col-100 elementor-top-column elementor-element elementor-element-ecc8235\" data-id=\"ecc8235\" data-element_type=\"column\">\n\t\t\t<div class=\"elementor-widget-wrap elementor-element-populated\">\n\t\t\t\t\t\t<div class=\"elementor-element elementor-element-7c0bc46 elementor-widget elementor-widget-text-editor\" data-id=\"7c0bc46\" data-element_type=\"widget\" data-widget_type=\"text-editor.default\">\n\t\t\t\t<div class=\"elementor-widget-container\">\n\t\t\t\t\t\t\t\t\t<p>En France, les raisons l\u00e9gitimes pour une absence scolaire sont clairement d\u00e9finies par le Code de l&rsquo;\u00e9ducation. Elles incluent :<\/p><p><\/p><ul class=\"wp-block-list\"><li>Maladie de l&rsquo;\u00e9l\u00e8ve<\/li> <li>Maladie contagieuse d&rsquo;un membre de la famille<\/li> <li>R\u00e9union solennelle de famille (mariage, enterrement, etc.)<\/li> <li>Emp\u00eachement caus\u00e9 par un accident pendant le transport<\/li> <li>Absence temporaire des personnes responsables lorsque les enfants les suivent<\/li><\/ul><p>Ainsi, il est crucial pour les parents de comprendre ces motifs et de les communiquer efficacement \u00e0 l&rsquo;\u00e9cole pour \u00e9viter toute confusion ou sanction injustifi\u00e9e.<\/p><p><\/p>\t\t\t\t\t\t\t\t<\/div>\n\t\t\t\t<\/div>\n\t\t\t\t\t<\/div>\n\t\t<\/div>\n\t\t\t\t\t<\/div>\n\t\t<\/section>\n\t\t\t\t<section class=\"elementor-section elementor-top-section elementor-element elementor-element-e637bfd elementor-section-boxed elementor-section-height-default elementor-section-height-default\" data-id=\"e637bfd\" data-element_type=\"section\">\n\t\t\t\t\t\t<div class=\"elementor-container elementor-column-gap-default\">\n\t\t\t\t\t<div class=\"elementor-column elementor-col-100 elementor-top-column elementor-element elementor-element-25d0d8b\" data-id=\"25d0d8b\" data-element_type=\"column\">\n\t\t\t<div class=\"elementor-widget-wrap elementor-element-populated\">\n\t\t\t\t\t\t<div class=\"elementor-element elementor-element-5d2a1de elementor-widget elementor-widget-heading\" data-id=\"5d2a1de\" data-element_type=\"widget\" data-widget_type=\"heading.default\">\n\t\t\t\t<div class=\"elementor-widget-container\">\n\t\t\t\t\t<h3 class=\"elementor-heading-title elementor-size-default\">2. Les obligations des parents et des \u00e9l\u00e8ves<\/h3>\t\t\t\t<\/div>\n\t\t\t\t<\/div>\n\t\t\t\t\t<\/div>\n\t\t<\/div>\n\t\t\t\t\t<\/div>\n\t\t<\/section>\n\t\t\t\t<section class=\"elementor-section elementor-top-section elementor-element elementor-element-9a52abb elementor-section-boxed elementor-section-height-default elementor-section-height-default\" data-id=\"9a52abb\" data-element_type=\"section\">\n\t\t\t\t\t\t<div class=\"elementor-container elementor-column-gap-default\">\n\t\t\t\t\t<div class=\"elementor-column elementor-col-100 elementor-top-column elementor-element elementor-element-d38105e\" data-id=\"d38105e\" data-element_type=\"column\">\n\t\t\t<div class=\"elementor-widget-wrap elementor-element-populated\">\n\t\t\t\t\t\t<div class=\"elementor-element elementor-element-2d9ba35 elementor-widget elementor-widget-text-editor\" data-id=\"2d9ba35\" data-element_type=\"widget\" data-widget_type=\"text-editor.default\">\n\t\t\t\t<div class=\"elementor-widget-container\">\n\t\t\t\t\t\t\t\t\t<p>En outre, les parents ont la responsabilit\u00e9 l\u00e9gale de veiller \u00e0 ce que leurs enfants soient scolaris\u00e9s r\u00e9guli\u00e8rement. En cas d&rsquo;absence, ils doivent :<\/p><p><\/p><ul class=\"wp-block-list\"><li>Informer l&rsquo;\u00e9tablissement scolaire d\u00e8s que possible<\/li> <li>Fournir une justification \u00e9crite ou m\u00e9dicale selon les cas<\/li> <li>Suivre les proc\u00e9dures sp\u00e9cifiques de l&rsquo;\u00e9cole pour la notification des absences<\/li><\/ul><p><\/p><p>Par cons\u00e9quent, les \u00e9l\u00e8ves, de leur c\u00f4t\u00e9, doivent rattraper les cours manqu\u00e9s et s&rsquo;assurer de ne pas prendre de retard dans leurs \u00e9tudes.<\/p><p><\/p><ol class=\"wp-block-list\"><li style=\"list-style-type: none;\"><ol><\/ol><\/li><\/ol><p><\/p><p><\/p>\t\t\t\t\t\t\t\t<\/div>\n\t\t\t\t<\/div>\n\t\t\t\t\t<\/div>\n\t\t<\/div>\n\t\t\t\t\t<\/div>\n\t\t<\/section>\n\t\t\t\t<section class=\"elementor-section elementor-top-section elementor-element elementor-element-5384ab8 elementor-section-boxed elementor-section-height-default elementor-section-height-default\" data-id=\"5384ab8\" data-element_type=\"section\">\n\t\t\t\t\t\t<div class=\"elementor-container elementor-column-gap-default\">\n\t\t\t\t\t<div class=\"elementor-column elementor-col-100 elementor-top-column elementor-element elementor-element-1c46c99\" data-id=\"1c46c99\" data-element_type=\"column\">\n\t\t\t<div class=\"elementor-widget-wrap elementor-element-populated\">\n\t\t\t\t\t\t<div class=\"elementor-element elementor-element-5aca13a elementor-widget elementor-widget-heading\" data-id=\"5aca13a\" data-element_type=\"widget\" data-widget_type=\"heading.default\">\n\t\t\t\t<div class=\"elementor-widget-container\">\n\t\t\t\t\t<h3 class=\"elementor-heading-title elementor-size-default\">3. Les proc\u00e9dures en cas d'absences non justifi\u00e9es<\/h3>\t\t\t\t<\/div>\n\t\t\t\t<\/div>\n\t\t\t\t\t<\/div>\n\t\t<\/div>\n\t\t\t\t\t<\/div>\n\t\t<\/section>\n\t\t\t\t<section class=\"elementor-section elementor-top-section elementor-element elementor-element-4d42dfd elementor-section-boxed elementor-section-height-default elementor-section-height-default\" data-id=\"4d42dfd\" data-element_type=\"section\">\n\t\t\t\t\t\t<div class=\"elementor-container elementor-column-gap-default\">\n\t\t\t\t\t<div class=\"elementor-column elementor-col-100 elementor-top-column elementor-element elementor-element-23afdc2\" data-id=\"23afdc2\" data-element_type=\"column\">\n\t\t\t<div class=\"elementor-widget-wrap elementor-element-populated\">\n\t\t\t\t\t\t<div class=\"elementor-element elementor-element-53776e6 elementor-widget elementor-widget-text-editor\" data-id=\"53776e6\" data-element_type=\"widget\" data-widget_type=\"text-editor.default\">\n\t\t\t\t<div class=\"elementor-widget-container\">\n\t\t\t\t\t\t\t\t\t<p>Cependant, les absences non justifi\u00e9es peuvent entra\u00eener des sanctions pour l&rsquo;\u00e9l\u00e8ve et des mesures l\u00e9gales pour les parents. Voici les \u00e9tapes g\u00e9n\u00e9ralement suivies :<\/p><p><\/p><ol class=\"wp-block-list\"><li><strong>Notification des parents<\/strong> : L&rsquo;\u00e9cole informe les parents de l&rsquo;absence non justifi\u00e9e.<\/li> <li><strong>Entretien avec l&rsquo;\u00e9l\u00e8ve<\/strong> : Une discussion entre l&rsquo;\u00e9l\u00e8ve et un responsable de l&rsquo;\u00e9cole pour comprendre les raisons de l&rsquo;absence.<\/li> <li><strong>Rappel \u00e0 l&rsquo;ordre<\/strong> : Un courrier officiel peut \u00eatre envoy\u00e9 aux parents pour rappeler l&rsquo;obligation de scolarit\u00e9.<\/li> <li><strong>Signalement aux autorit\u00e9s<\/strong> : Si les absences persistent, l&rsquo;\u00e9cole peut signaler la situation aux autorit\u00e9s comp\u00e9tentes, comme l&rsquo;inspection acad\u00e9mique ou les services sociaux.<\/li><\/ol><p><\/p>\t\t\t\t\t\t\t\t<\/div>\n\t\t\t\t<\/div>\n\t\t\t\t\t<\/div>\n\t\t<\/div>\n\t\t\t\t\t<\/div>\n\t\t<\/section>\n\t\t\t\t<section class=\"elementor-section elementor-top-section elementor-element elementor-element-6da435b elementor-section-boxed elementor-section-height-default elementor-section-height-default\" data-id=\"6da435b\" data-element_type=\"section\">\n\t\t\t\t\t\t<div class=\"elementor-container elementor-column-gap-default\">\n\t\t\t\t\t<div class=\"elementor-column elementor-col-100 elementor-top-column elementor-element elementor-element-287f8eb\" data-id=\"287f8eb\" data-element_type=\"column\">\n\t\t\t<div class=\"elementor-widget-wrap elementor-element-populated\">\n\t\t\t\t\t\t<div class=\"elementor-element elementor-element-b5dab8d elementor-widget elementor-widget-heading\" data-id=\"b5dab8d\" data-element_type=\"widget\" data-widget_type=\"heading.default\">\n\t\t\t\t<div class=\"elementor-widget-container\">\n\t\t\t\t\t<h3 class=\"elementor-heading-title elementor-size-default\">4. Les droits des \u00e9l\u00e8ves en mati\u00e8re de rattrapage<\/h3>\t\t\t\t<\/div>\n\t\t\t\t<\/div>\n\t\t\t\t\t<\/div>\n\t\t<\/div>\n\t\t\t\t\t<\/div>\n\t\t<\/section>\n\t\t\t\t<section class=\"elementor-section elementor-top-section elementor-element elementor-element-0fc0f8c elementor-section-boxed elementor-section-height-default elementor-section-height-default\" data-id=\"0fc0f8c\" data-element_type=\"section\">\n\t\t\t\t\t\t<div class=\"elementor-container elementor-column-gap-default\">\n\t\t\t\t\t<div class=\"elementor-column elementor-col-100 elementor-top-column elementor-element elementor-element-cbf22c3\" data-id=\"cbf22c3\" data-element_type=\"column\">\n\t\t\t<div class=\"elementor-widget-wrap elementor-element-populated\">\n\t\t\t\t\t\t<div class=\"elementor-element elementor-element-89fec2d elementor-widget elementor-widget-text-editor\" data-id=\"89fec2d\" data-element_type=\"widget\" data-widget_type=\"text-editor.default\">\n\t\t\t\t<div class=\"elementor-widget-container\">\n\t\t\t\t\t\t\t\t\t<p>Les \u00e9l\u00e8ves absents ont le droit de rattraper les cours manqu\u00e9s. De plus, les \u00e9coles doivent fournir les ressources n\u00e9cessaires pour permettre aux \u00e9l\u00e8ves de rattraper leur retard, ce qui peut inclure :<\/p><p><\/p><ul class=\"wp-block-list\"><li>Acc\u00e8s aux cours en ligne ou aux enregistrements de cours<\/li> <li>Documents et supports de cours fournis par les enseignants<\/li> <li>S\u00e9ances de rattrapage ou tutorat<\/li><\/ul><p><\/p><p>Ainsi, ces mesures sont essentielles pour garantir que l&rsquo;absence n&rsquo;affecte pas n\u00e9gativement la performance acad\u00e9mique de l&rsquo;\u00e9l\u00e8ve.<\/p>\t\t\t\t\t\t\t\t<\/div>\n\t\t\t\t<\/div>\n\t\t\t\t\t<\/div>\n\t\t<\/div>\n\t\t\t\t\t<\/div>\n\t\t<\/section>\n\t\t\t\t<section class=\"elementor-section elementor-top-section elementor-element elementor-element-c2ae28d elementor-section-boxed elementor-section-height-default elementor-section-height-default\" data-id=\"c2ae28d\" data-element_type=\"section\">\n\t\t\t\t\t\t<div class=\"elementor-container elementor-column-gap-default\">\n\t\t\t\t\t<div class=\"elementor-column elementor-col-100 elementor-top-column elementor-element elementor-element-26fbac2\" data-id=\"26fbac2\" data-element_type=\"column\">\n\t\t\t<div class=\"elementor-widget-wrap elementor-element-populated\">\n\t\t\t\t\t\t<div class=\"elementor-element elementor-element-bbc2df4 elementor-widget elementor-widget-heading\" data-id=\"bbc2df4\" data-element_type=\"widget\" data-widget_type=\"heading.default\">\n\t\t\t\t<div class=\"elementor-widget-container\">\n\t\t\t\t\t<h3 class=\"elementor-heading-title elementor-size-default\">5. Les am\u00e9nagements pour les \u00e9l\u00e8ves malades de longue dur\u00e9e en cas d'absences scolaires<\/h3>\t\t\t\t<\/div>\n\t\t\t\t<\/div>\n\t\t\t\t\t<\/div>\n\t\t<\/div>\n\t\t\t\t\t<\/div>\n\t\t<\/section>\n\t\t\t\t<section class=\"elementor-section elementor-top-section elementor-element elementor-element-f05d1c3 elementor-section-boxed elementor-section-height-default elementor-section-height-default\" data-id=\"f05d1c3\" data-element_type=\"section\">\n\t\t\t\t\t\t<div class=\"elementor-container elementor-column-gap-default\">\n\t\t\t\t\t<div class=\"elementor-column elementor-col-100 elementor-top-column elementor-element elementor-element-b6e44c0\" data-id=\"b6e44c0\" data-element_type=\"column\">\n\t\t\t<div class=\"elementor-widget-wrap elementor-element-populated\">\n\t\t\t\t\t\t<div class=\"elementor-element elementor-element-fe09dc1 elementor-widget elementor-widget-text-editor\" data-id=\"fe09dc1\" data-element_type=\"widget\" data-widget_type=\"text-editor.default\">\n\t\t\t\t<div class=\"elementor-widget-container\">\n\t\t\t\t\t\t\t\t\t<p>Par ailleurs, pour les \u00e9l\u00e8ves souffrant de maladies chroniques ou de longue dur\u00e9e, des am\u00e9nagements sp\u00e9cifiques peuvent \u00eatre mis en place. Ces am\u00e9nagements peuvent inclure :<\/p><p><\/p><ul class=\"wp-block-list\"><li>Programmes d&rsquo;enseignement \u00e0 distance<\/li> <li>Soutien personnalis\u00e9 par un enseignant \u00e0 domicile<\/li> <li>Ajustements des horaires et des examens<\/li><\/ul><p><\/p><p>Ces mesures visent \u00e0 assurer la continuit\u00e9 de l&rsquo;\u00e9ducation de l&rsquo;\u00e9l\u00e8ve malgr\u00e9 les d\u00e9fis pos\u00e9s par la maladie.<\/p>\t\t\t\t\t\t\t\t<\/div>\n\t\t\t\t<\/div>\n\t\t\t\t\t<\/div>\n\t\t<\/div>\n\t\t\t\t\t<\/div>\n\t\t<\/section>\n\t\t\t\t<section class=\"elementor-section elementor-top-section elementor-element elementor-element-e4ded16 elementor-section-boxed elementor-section-height-default elementor-section-height-default\" data-id=\"e4ded16\" data-element_type=\"section\">\n\t\t\t\t\t\t<div class=\"elementor-container elementor-column-gap-default\">\n\t\t\t\t\t<div class=\"elementor-column elementor-col-100 elementor-top-column elementor-element elementor-element-3657aae\" data-id=\"3657aae\" data-element_type=\"column\">\n\t\t\t<div class=\"elementor-widget-wrap elementor-element-populated\">\n\t\t\t\t\t\t<div class=\"elementor-element elementor-element-6605cb5 elementor-widget elementor-widget-heading\" data-id=\"6605cb5\" data-element_type=\"widget\" data-widget_type=\"heading.default\">\n\t\t\t\t<div class=\"elementor-widget-container\">\n\t\t\t\t\t<h3 class=\"elementor-heading-title elementor-size-default\">6. Les recours en cas de d\u00e9saccord avec l'\u00e9cole en cas d'absences scolaires<\/h3>\t\t\t\t<\/div>\n\t\t\t\t<\/div>\n\t\t\t\t\t<\/div>\n\t\t<\/div>\n\t\t\t\t\t<\/div>\n\t\t<\/section>\n\t\t\t\t<section class=\"elementor-section elementor-top-section elementor-element elementor-element-232220f elementor-section-boxed elementor-section-height-default elementor-section-height-default\" data-id=\"232220f\" data-element_type=\"section\">\n\t\t\t\t\t\t<div class=\"elementor-container elementor-column-gap-default\">\n\t\t\t\t\t<div class=\"elementor-column elementor-col-100 elementor-top-column elementor-element elementor-element-ba56f6c\" data-id=\"ba56f6c\" data-element_type=\"column\">\n\t\t\t<div class=\"elementor-widget-wrap elementor-element-populated\">\n\t\t\t\t\t\t<div class=\"elementor-element elementor-element-67d6f29 elementor-widget elementor-widget-text-editor\" data-id=\"67d6f29\" data-element_type=\"widget\" data-widget_type=\"text-editor.default\">\n\t\t\t\t<div class=\"elementor-widget-container\">\n\t\t\t\t\t\t\t\t\t<p>En cas de d\u00e9saccord, si les parents ou les \u00e9l\u00e8ves estiment que leurs droits n&rsquo;ont pas \u00e9t\u00e9 respect\u00e9s en mati\u00e8re d&rsquo;absences scolaires, plusieurs recours sont possibles :<\/p><p><\/p><ul class=\"wp-block-list\"><li><strong>Contact avec le directeur de l&rsquo;\u00e9tablissement<\/strong> : Un premier dialogue pour tenter de r\u00e9soudre le probl\u00e8me.<\/li> <li><strong>M\u00e9diation acad\u00e9mique<\/strong> : Sollicitation d&rsquo;un m\u00e9diateur de l&rsquo;\u00e9ducation nationale pour faciliter la communication entre les parties.<\/li> <li><strong>Recours administratif<\/strong> : Si le d\u00e9saccord persiste, il est possible de faire appel aupr\u00e8s de l&rsquo;inspection acad\u00e9mique ou m\u00eame du tribunal administratif.<\/li><\/ul><p><\/p>\t\t\t\t\t\t\t\t<\/div>\n\t\t\t\t<\/div>\n\t\t\t\t\t<\/div>\n\t\t<\/div>\n\t\t\t\t\t<\/div>\n\t\t<\/section>\n\t\t\t\t<section class=\"elementor-section elementor-top-section elementor-element elementor-element-98abede elementor-section-boxed elementor-section-height-default elementor-section-height-default\" data-id=\"98abede\" data-element_type=\"section\">\n\t\t\t\t\t\t<div class=\"elementor-container elementor-column-gap-default\">\n\t\t\t\t\t<div class=\"elementor-column elementor-col-100 elementor-top-column elementor-element elementor-element-a785a89\" data-id=\"a785a89\" data-element_type=\"column\">\n\t\t\t<div class=\"elementor-widget-wrap elementor-element-populated\">\n\t\t\t\t\t\t<div class=\"elementor-element elementor-element-6c5d8ca elementor-widget elementor-widget-heading\" data-id=\"6c5d8ca\" data-element_type=\"widget\" data-widget_type=\"heading.default\">\n\t\t\t\t<div class=\"elementor-widget-container\">\n\t\t\t\t\t<h3 class=\"elementor-heading-title elementor-size-default\">Conclusion<\/h3>\t\t\t\t<\/div>\n\t\t\t\t<\/div>\n\t\t\t\t\t<\/div>\n\t\t<\/div>\n\t\t\t\t\t<\/div>\n\t\t<\/section>\n\t\t\t\t<section class=\"elementor-section elementor-top-section elementor-element elementor-element-e3c82a1 elementor-section-boxed elementor-section-height-default elementor-section-height-default\" data-id=\"e3c82a1\" data-element_type=\"section\">\n\t\t\t\t\t\t<div class=\"elementor-container elementor-column-gap-default\">\n\t\t\t\t\t<div class=\"elementor-column elementor-col-100 elementor-top-column elementor-element elementor-element-2c3f00d\" data-id=\"2c3f00d\" data-element_type=\"column\">\n\t\t\t<div class=\"elementor-widget-wrap elementor-element-populated\">\n\t\t\t\t\t\t<div class=\"elementor-element elementor-element-b712c17 elementor-widget elementor-widget-text-editor\" data-id=\"b712c17\" data-element_type=\"widget\" data-widget_type=\"text-editor.default\">\n\t\t\t\t<div class=\"elementor-widget-container\">\n\t\t\t\t\t\t\t\t\t<p>En somme, la gestion des absences scolaires n\u00e9cessite une coop\u00e9ration \u00e9troite entre les parents, les \u00e9l\u00e8ves et les \u00e9tablissements scolaires. En comprenant les droits des \u00e9l\u00e8ves et les obligations des parents, il est possible de g\u00e9rer efficacement les absences tout en garantissant une \u00e9ducation continue et \u00e9quitable pour tous les \u00e9l\u00e8ves. Les parents doivent \u00eatre bien inform\u00e9s des proc\u00e9dures et des recours disponibles pour s&rsquo;assurer que les droits de leurs enfants sont respect\u00e9s, m\u00eame en cas d&rsquo;absences.<\/p>\t\t\t\t\t\t\t\t<\/div>\n\t\t\t\t<\/div>\n\t\t\t\t\t<\/div>\n\t\t<\/div>\n\t\t\t\t\t<\/div>\n\t\t<\/section>\n\t\t\t\t<section class=\"elementor-section elementor-top-section elementor-element elementor-element-adac9be elementor-section-boxed elementor-section-height-default elementor-section-height-default\" data-id=\"adac9be\" data-element_type=\"section\">\n\t\t\t\t\t\t<div class=\"elementor-container elementor-column-gap-default\">\n\t\t\t\t\t<div class=\"elementor-column elementor-col-100 elementor-top-column elementor-element elementor-element-621fa05\" data-id=\"621fa05\" data-element_type=\"column\">\n\t\t\t<div class=\"elementor-widget-wrap elementor-element-populated\">\n\t\t\t\t\t\t<div class=\"elementor-element elementor-element-bf0421f elementor-widget elementor-widget-heading\" data-id=\"bf0421f\" data-element_type=\"widget\" data-widget_type=\"heading.default\">\n\t\t\t\t<div class=\"elementor-widget-container\">\n\t\t\t\t\t<h3 class=\"elementor-heading-title elementor-size-default\">Call to Action<\/h3>\t\t\t\t<\/div>\n\t\t\t\t<\/div>\n\t\t\t\t\t<\/div>\n\t\t<\/div>\n\t\t\t\t\t<\/div>\n\t\t<\/section>\n\t\t\t\t<section class=\"elementor-section elementor-top-section elementor-element elementor-element-5b49a37 elementor-section-boxed elementor-section-height-default elementor-section-height-default\" data-id=\"5b49a37\" data-element_type=\"section\">\n\t\t\t\t\t\t<div class=\"elementor-container elementor-column-gap-default\">\n\t\t\t\t\t<div class=\"elementor-column elementor-col-100 elementor-top-column elementor-element elementor-element-d4df561\" data-id=\"d4df561\" data-element_type=\"column\">\n\t\t\t<div class=\"elementor-widget-wrap elementor-element-populated\">\n\t\t\t\t\t\t<div class=\"elementor-element elementor-element-91a22bc elementor-widget elementor-widget-text-editor\" data-id=\"91a22bc\" data-element_type=\"widget\" data-widget_type=\"text-editor.default\">\n\t\t\t\t<div class=\"elementor-widget-container\">\n\t\t\t\t\t\t\t\t\t<p>Pour en savoir plus sur les droits des \u00e9l\u00e8ves en cas d&rsquo;absences scolaires et obtenir des conseils personnalis\u00e9s, visitez <a href=\"https:\/\/educap.io\">Educap.io<\/a> et contactez-nous pour une consultation gratuite.<\/p>\t\t\t\t\t\t\t\t<\/div>\n\t\t\t\t<\/div>\n\t\t\t\t\t<\/div>\n\t\t<\/div>\n\t\t\t\t\t<\/div>\n\t\t<\/section>\n\t\t\t\t<\/div>\n\t\t","protected":false},"excerpt":{"rendered":"<p>Les droits des \u00e9l\u00e8ves en cas d&rsquo;absences scolaires Introduction Les absences scolaires sont un ph\u00e9nom\u00e8ne in\u00e9vitable dans la vie de tout \u00e9l\u00e8ve. Qu&rsquo;elles soient caus\u00e9es par des raisons de sant\u00e9, des obligations familiales ou d&rsquo;autres circonstances impr\u00e9vues, les absences doivent \u00eatre g\u00e9r\u00e9es de mani\u00e8re \u00e9quitable et conforme aux droits des \u00e9l\u00e8ves. Cet article explore les [&hellip;]<\/p>\n","protected":false},"author":6,"featured_media":0,"parent":2754,"menu_order":0,"comment_status":"closed","ping_status":"closed","template":"elementor_header_footer","meta":{"footnotes":""},"class_list":["post-4971","page","type-page","status-publish","hentry"],"yoast_head":"<!-- This site is optimized with the Yoast SEO plugin v24.2 - https:\/\/yoast.com\/wordpress\/plugins\/seo\/ -->\n<title>Les droits des \u00e9l\u00e8ves en cas d&#039;absences scolaires - Educap<\/title>\n<meta name=\"description\" content=\"D\u00e9couvrez les droits des \u00e9l\u00e8ves en cas d&#039;absences scolaires . Informez-vous sur les raisons l\u00e9gitimes, les obligations des parents, les proc\u00e9dures pour les absences non justifi\u00e9es et les recours disponibles\" \/>\n<meta name=\"robots\" content=\"index, follow, max-snippet:-1, max-image-preview:large, max-video-preview:-1\" \/>\n<link rel=\"canonical\" href=\"https:\/\/educap.io\/fr_fr\/outils-scolaires\/absences-scolaires\/les-droits-des-eleves-en-cas-dabsences-scolaires\/\" \/>\n<meta property=\"og:locale\" content=\"fr_FR\" \/>\n<meta property=\"og:type\" content=\"article\" \/>\n<meta property=\"og:title\" content=\"Les droits des \u00e9l\u00e8ves en cas d&#039;absences scolaires - Educap\" \/>\n<meta property=\"og:description\" content=\"D\u00e9couvrez les droits des \u00e9l\u00e8ves en cas d&#039;absences scolaires . Informez-vous sur les raisons l\u00e9gitimes, les obligations des parents, les proc\u00e9dures pour les absences non justifi\u00e9es et les recours disponibles\" \/>\n<meta property=\"og:url\" content=\"https:\/\/educap.io\/fr_fr\/outils-scolaires\/absences-scolaires\/les-droits-des-eleves-en-cas-dabsences-scolaires\/\" \/>\n<meta property=\"og:site_name\" content=\"Educap\" \/>\n<meta property=\"article:publisher\" content=\"https:\/\/www.facebook.com\/educap.io\" \/>\n<meta property=\"article:modified_time\" content=\"2024-08-13T08:54:15+00:00\" \/>\n<meta property=\"og:image\" content=\"https:\/\/educap.io\/wp-content\/uploads\/2024\/08\/images-1.jpeg\" \/>\n<meta name=\"twitter:card\" content=\"summary_large_image\" \/>\n<meta name=\"twitter:label1\" content=\"Dur\u00e9e de lecture estim\u00e9e\" \/>\n\t<meta name=\"twitter:data1\" content=\"4 minutes\" \/>\n<script type=\"application\/ld+json\" class=\"yoast-schema-graph\">{\"@context\":\"https:\/\/schema.org\",\"@graph\":[{\"@type\":\"WebPage\",\"@id\":\"https:\/\/educap.io\/outils-scolaires\/absences-scolaires\/les-droits-des-eleves-en-cas-dabsences-scolaires\/\",\"url\":\"https:\/\/educap.io\/outils-scolaires\/absences-scolaires\/les-droits-des-eleves-en-cas-dabsences-scolaires\/\",\"name\":\"Les droits des \u00e9l\u00e8ves en cas d'absences scolaires - Educap\",\"isPartOf\":{\"@id\":\"https:\/\/educap.io\/#website\"},\"primaryImageOfPage\":{\"@id\":\"https:\/\/educap.io\/outils-scolaires\/absences-scolaires\/les-droits-des-eleves-en-cas-dabsences-scolaires\/#primaryimage\"},\"image\":{\"@id\":\"https:\/\/educap.io\/outils-scolaires\/absences-scolaires\/les-droits-des-eleves-en-cas-dabsences-scolaires\/#primaryimage\"},\"thumbnailUrl\":\"https:\/\/educap.io\/wp-content\/uploads\/2024\/08\/images-1.jpeg\",\"datePublished\":\"2024-08-13T08:45:02+00:00\",\"dateModified\":\"2024-08-13T08:54:15+00:00\",\"description\":\"D\u00e9couvrez les droits des \u00e9l\u00e8ves en cas d'absences scolaires . Informez-vous sur les raisons l\u00e9gitimes, les obligations des parents, les proc\u00e9dures pour les absences non justifi\u00e9es et les recours disponibles\",\"breadcrumb\":{\"@id\":\"https:\/\/educap.io\/outils-scolaires\/absences-scolaires\/les-droits-des-eleves-en-cas-dabsences-scolaires\/#breadcrumb\"},\"inLanguage\":\"fr-FR\",\"potentialAction\":[{\"@type\":\"ReadAction\",\"target\":[\"https:\/\/educap.io\/outils-scolaires\/absences-scolaires\/les-droits-des-eleves-en-cas-dabsences-scolaires\/\"]}]},{\"@type\":\"ImageObject\",\"inLanguage\":\"fr-FR\",\"@id\":\"https:\/\/educap.io\/outils-scolaires\/absences-scolaires\/les-droits-des-eleves-en-cas-dabsences-scolaires\/#primaryimage\",\"url\":\"https:\/\/educap.io\/wp-content\/uploads\/2024\/08\/images-1.jpeg\",\"contentUrl\":\"https:\/\/educap.io\/wp-content\/uploads\/2024\/08\/images-1.jpeg\"},{\"@type\":\"BreadcrumbList\",\"@id\":\"https:\/\/educap.io\/outils-scolaires\/absences-scolaires\/les-droits-des-eleves-en-cas-dabsences-scolaires\/#breadcrumb\",\"itemListElement\":[{\"@type\":\"ListItem\",\"position\":1,\"name\":\"Accueil\",\"item\":\"https:\/\/educap.io\/fr_fr\/\"},{\"@type\":\"ListItem\",\"position\":2,\"name\":\"Outils scolaires\",\"item\":\"https:\/\/educap.io\/outils-scolaires\/\"},{\"@type\":\"ListItem\",\"position\":3,\"name\":\"Absences scolaires\",\"item\":\"https:\/\/educap.io\/outils-scolaires\/absences-scolaires\/\"},{\"@type\":\"ListItem\",\"position\":4,\"name\":\"Les droits des \u00e9l\u00e8ves en cas d&rsquo;absences scolaires\"}]},{\"@type\":\"WebSite\",\"@id\":\"https:\/\/educap.io\/#website\",\"url\":\"https:\/\/educap.io\/\",\"name\":\"Educap\",\"description\":\"\",\"potentialAction\":[{\"@type\":\"SearchAction\",\"target\":{\"@type\":\"EntryPoint\",\"urlTemplate\":\"https:\/\/educap.io\/?s={search_term_string}\"},\"query-input\":{\"@type\":\"PropertyValueSpecification\",\"valueRequired\":true,\"valueName\":\"search_term_string\"}}],\"inLanguage\":\"fr-FR\"}]}<\/script>\n<!-- \/ Yoast SEO plugin. -->","yoast_head_json":{"title":"Les droits des \u00e9l\u00e8ves en cas d'absences scolaires - Educap","description":"D\u00e9couvrez les droits des \u00e9l\u00e8ves en cas d'absences scolaires . Informez-vous sur les raisons l\u00e9gitimes, les obligations des parents, les proc\u00e9dures pour les absences non justifi\u00e9es et les recours disponibles","robots":{"index":"index","follow":"follow","max-snippet":"max-snippet:-1","max-image-preview":"max-image-preview:large","max-video-preview":"max-video-preview:-1"},"canonical":"https:\/\/educap.io\/fr_fr\/outils-scolaires\/absences-scolaires\/les-droits-des-eleves-en-cas-dabsences-scolaires\/","og_locale":"fr_FR","og_type":"article","og_title":"Les droits des \u00e9l\u00e8ves en cas d'absences scolaires - Educap","og_description":"D\u00e9couvrez les droits des \u00e9l\u00e8ves en cas d'absences scolaires . Informez-vous sur les raisons l\u00e9gitimes, les obligations des parents, les proc\u00e9dures pour les absences non justifi\u00e9es et les recours disponibles","og_url":"https:\/\/educap.io\/fr_fr\/outils-scolaires\/absences-scolaires\/les-droits-des-eleves-en-cas-dabsences-scolaires\/","og_site_name":"Educap","article_publisher":"https:\/\/www.facebook.com\/educap.io","article_modified_time":"2024-08-13T08:54:15+00:00","og_image":[{"url":"https:\/\/educap.io\/wp-content\/uploads\/2024\/08\/images-1.jpeg","type":"","width":"","height":""}],"twitter_card":"summary_large_image","twitter_misc":{"Dur\u00e9e de lecture estim\u00e9e":"4 minutes"},"schema":{"@context":"https:\/\/schema.org","@graph":[{"@type":"WebPage","@id":"https:\/\/educap.io\/outils-scolaires\/absences-scolaires\/les-droits-des-eleves-en-cas-dabsences-scolaires\/","url":"https:\/\/educap.io\/outils-scolaires\/absences-scolaires\/les-droits-des-eleves-en-cas-dabsences-scolaires\/","name":"Les droits des \u00e9l\u00e8ves en cas d'absences scolaires - Educap","isPartOf":{"@id":"https:\/\/educap.io\/#website"},"primaryImageOfPage":{"@id":"https:\/\/educap.io\/outils-scolaires\/absences-scolaires\/les-droits-des-eleves-en-cas-dabsences-scolaires\/#primaryimage"},"image":{"@id":"https:\/\/educap.io\/outils-scolaires\/absences-scolaires\/les-droits-des-eleves-en-cas-dabsences-scolaires\/#primaryimage"},"thumbnailUrl":"https:\/\/educap.io\/wp-content\/uploads\/2024\/08\/images-1.jpeg","datePublished":"2024-08-13T08:45:02+00:00","dateModified":"2024-08-13T08:54:15+00:00","description":"D\u00e9couvrez les droits des \u00e9l\u00e8ves en cas d'absences scolaires . Informez-vous sur les raisons l\u00e9gitimes, les obligations des parents, les proc\u00e9dures pour les absences non justifi\u00e9es et les recours disponibles","breadcrumb":{"@id":"https:\/\/educap.io\/outils-scolaires\/absences-scolaires\/les-droits-des-eleves-en-cas-dabsences-scolaires\/#breadcrumb"},"inLanguage":"fr-FR","potentialAction":[{"@type":"ReadAction","target":["https:\/\/educap.io\/outils-scolaires\/absences-scolaires\/les-droits-des-eleves-en-cas-dabsences-scolaires\/"]}]},{"@type":"ImageObject","inLanguage":"fr-FR","@id":"https:\/\/educap.io\/outils-scolaires\/absences-scolaires\/les-droits-des-eleves-en-cas-dabsences-scolaires\/#primaryimage","url":"https:\/\/educap.io\/wp-content\/uploads\/2024\/08\/images-1.jpeg","contentUrl":"https:\/\/educap.io\/wp-content\/uploads\/2024\/08\/images-1.jpeg"},{"@type":"BreadcrumbList","@id":"https:\/\/educap.io\/outils-scolaires\/absences-scolaires\/les-droits-des-eleves-en-cas-dabsences-scolaires\/#breadcrumb","itemListElement":[{"@type":"ListItem","position":1,"name":"Accueil","item":"https:\/\/educap.io\/fr_fr\/"},{"@type":"ListItem","position":2,"name":"Outils scolaires","item":"https:\/\/educap.io\/outils-scolaires\/"},{"@type":"ListItem","position":3,"name":"Absences scolaires","item":"https:\/\/educap.io\/outils-scolaires\/absences-scolaires\/"},{"@type":"ListItem","position":4,"name":"Les droits des \u00e9l\u00e8ves en cas d&rsquo;absences scolaires"}]},{"@type":"WebSite","@id":"https:\/\/educap.io\/#website","url":"https:\/\/educap.io\/","name":"Educap","description":"","potentialAction":[{"@type":"SearchAction","target":{"@type":"EntryPoint","urlTemplate":"https:\/\/educap.io\/?s={search_term_string}"},"query-input":{"@type":"PropertyValueSpecification","valueRequired":true,"valueName":"search_term_string"}}],"inLanguage":"fr-FR"}]}},"_links":{"self":[{"href":"https:\/\/educap.io\/fr_fr\/wp-json\/wp\/v2\/pages\/4971","targetHints":{"allow":["GET"]}}],"collection":[{"href":"https:\/\/educap.io\/fr_fr\/wp-json\/wp\/v2\/pages"}],"about":[{"href":"https:\/\/educap.io\/fr_fr\/wp-json\/wp\/v2\/types\/page"}],"author":[{"embeddable":true,"href":"https:\/\/educap.io\/fr_fr\/wp-json\/wp\/v2\/users\/6"}],"replies":[{"embeddable":true,"href":"https:\/\/educap.io\/fr_fr\/wp-json\/wp\/v2\/comments?post=4971"}],"version-history":[{"count":4,"href":"https:\/\/educap.io\/fr_fr\/wp-json\/wp\/v2\/pages\/4971\/revisions"}],"predecessor-version":[{"id":4976,"href":"https:\/\/educap.io\/fr_fr\/wp-json\/wp\/v2\/pages\/4971\/revisions\/4976"}],"up":[{"embeddable":true,"href":"https:\/\/educap.io\/fr_fr\/wp-json\/wp\/v2\/pages\/2754"}],"wp:attachment":[{"href":"https:\/\/educap.io\/fr_fr\/wp-json\/wp\/v2\/media?parent=4971"}],"curies":[{"name":"wp","href":"https:\/\/api.w.org\/{rel}","templated":true}]}}