{"id":3305,"date":"2024-04-03T09:19:55","date_gmt":"2024-04-03T09:19:55","guid":{"rendered":"https:\/\/educap.io\/?page_id=3305"},"modified":"2024-08-13T09:39:15","modified_gmt":"2024-08-13T09:39:15","slug":"comment-creer-un-emploi-du-temps-scolaire","status":"publish","type":"page","link":"https:\/\/educap.io\/fr_fr\/outils-scolaires\/emploi-du-temps-scolaire\/comment-creer-un-emploi-du-temps-scolaire\/","title":{"rendered":"Comment cr\u00e9er un emploi du temps scolaire ?\u200b"},"content":{"rendered":"\t\t<div data-elementor-type=\"wp-page\" data-elementor-id=\"3305\" class=\"elementor elementor-3305\" data-elementor-post-type=\"page\">\n\t\t\t\t\t\t<section class=\"elementor-section elementor-top-section elementor-element elementor-element-2a0c63f elementor-section-boxed elementor-section-height-default elementor-section-height-default\" data-id=\"2a0c63f\" data-element_type=\"section\" data-settings=\"{&quot;background_background&quot;:&quot;gradient&quot;}\">\n\t\t\t\t\t\t<div class=\"elementor-container elementor-column-gap-default\">\n\t\t\t\t\t<div class=\"elementor-column elementor-col-100 elementor-top-column elementor-element elementor-element-20de8a6\" data-id=\"20de8a6\" data-element_type=\"column\">\n\t\t\t<div class=\"elementor-widget-wrap elementor-element-populated\">\n\t\t\t\t\t\t<div class=\"elementor-element elementor-element-c80ea98 elementor-widget elementor-widget-heading\" data-id=\"c80ea98\" data-element_type=\"widget\" data-widget_type=\"heading.default\">\n\t\t\t\t<div class=\"elementor-widget-container\">\n\t\t\t\t\t<h2 class=\"elementor-heading-title elementor-size-default\"><span style=\"font-size: 42px;letter-spacing: -1px\">Comment cr\u00e9er un emploi du temps scolaire?<\/span><\/h2>\t\t\t\t<\/div>\n\t\t\t\t<\/div>\n\t\t\t\t\t<\/div>\n\t\t<\/div>\n\t\t\t\t\t<\/div>\n\t\t<\/section>\n\t\t\t\t<section class=\"elementor-section elementor-top-section elementor-element elementor-element-9d8d0ae elementor-section-boxed elementor-section-height-default elementor-section-height-default\" data-id=\"9d8d0ae\" data-element_type=\"section\">\n\t\t\t\t\t\t<div class=\"elementor-container elementor-column-gap-default\">\n\t\t\t\t\t<div class=\"elementor-column elementor-col-100 elementor-top-column elementor-element elementor-element-13ab212\" data-id=\"13ab212\" data-element_type=\"column\">\n\t\t\t<div class=\"elementor-widget-wrap elementor-element-populated\">\n\t\t\t\t\t\t<div class=\"elementor-element elementor-element-0f33ded elementor-widget elementor-widget-spacer\" data-id=\"0f33ded\" data-element_type=\"widget\" data-widget_type=\"spacer.default\">\n\t\t\t\t<div class=\"elementor-widget-container\">\n\t\t\t\t\t\t\t<div class=\"elementor-spacer\">\n\t\t\t<div class=\"elementor-spacer-inner\"><\/div>\n\t\t<\/div>\n\t\t\t\t\t\t<\/div>\n\t\t\t\t<\/div>\n\t\t\t\t\t<\/div>\n\t\t<\/div>\n\t\t\t\t\t<\/div>\n\t\t<\/section>\n\t\t\t\t<section class=\"elementor-section elementor-top-section elementor-element elementor-element-b0f4ed3 elementor-section-boxed elementor-section-height-default elementor-section-height-default\" data-id=\"b0f4ed3\" data-element_type=\"section\">\n\t\t\t\t\t\t<div class=\"elementor-container elementor-column-gap-default\">\n\t\t\t\t\t<div class=\"elementor-column elementor-col-100 elementor-top-column elementor-element elementor-element-c0d464d\" data-id=\"c0d464d\" data-element_type=\"column\">\n\t\t\t<div class=\"elementor-widget-wrap elementor-element-populated\">\n\t\t\t\t\t\t<div class=\"elementor-element elementor-element-42ddd50 elementor-widget elementor-widget-heading\" data-id=\"42ddd50\" data-element_type=\"widget\" data-widget_type=\"heading.default\">\n\t\t\t\t<div class=\"elementor-widget-container\">\n\t\t\t\t\t<h2 class=\"elementor-heading-title elementor-size-default\">Comment Cr\u00e9er un Emploi du Temps Scolaire : Un Guide Pratique<\/h2>\t\t\t\t<\/div>\n\t\t\t\t<\/div>\n\t\t\t\t\t<\/div>\n\t\t<\/div>\n\t\t\t\t\t<\/div>\n\t\t<\/section>\n\t\t\t\t<section class=\"elementor-section elementor-top-section elementor-element elementor-element-16249e0 elementor-section-boxed elementor-section-height-default elementor-section-height-default\" data-id=\"16249e0\" data-element_type=\"section\">\n\t\t\t\t\t\t<div class=\"elementor-container elementor-column-gap-default\">\n\t\t\t\t\t<div class=\"elementor-column elementor-col-100 elementor-top-column elementor-element elementor-element-b174461\" data-id=\"b174461\" data-element_type=\"column\">\n\t\t\t<div class=\"elementor-widget-wrap elementor-element-populated\">\n\t\t\t\t\t\t<div class=\"elementor-element elementor-element-557412d elementor-widget elementor-widget-text-editor\" data-id=\"557412d\" data-element_type=\"widget\" data-widget_type=\"text-editor.default\">\n\t\t\t\t<div class=\"elementor-widget-container\">\n\t\t\t\t\t\t\t\t\t<p>Bienvenue dans ce guide pratique d\u00e9di\u00e9 \u00e0 l&rsquo;art de cr\u00e9er un emploi du temps scolaire efficace, un pilier essentiel pour la r\u00e9ussite acad\u00e9mique, que vous soyez \u00e9tudiant, parent ou enseignant. L&rsquo;organisation du temps constitue le socle sur lequel se b\u00e2tit toute avanc\u00e9e vers l&rsquo;excellence \u00e9ducative. Dans les m\u00e9andres de cet article, nous explorerons avec minutie et clart\u00e9 des conseils simples, \u00e9prouv\u00e9s et r\u00e9solument pratiques. Notre but ? Forger un emploi du temps qui transcende la simple planification pour devenir un alli\u00e9 majeur dans l&rsquo;atteinte de vos objectifs, tout en pr\u00e9servant l&rsquo;\u00e9quilibre vital entre accomplissement et bien-\u00eatre. \u00cates-vous pr\u00eats \u00e0 vous immerger dans cet univers de la planification intelligente et de l&rsquo;organisation \u00e9clair\u00e9e ? Embarquement imm\u00e9diat vers une gestion du temps r\u00e9fl\u00e9chie et performante !<\/p>\t\t\t\t\t\t\t\t<\/div>\n\t\t\t\t<\/div>\n\t\t\t\t\t<\/div>\n\t\t<\/div>\n\t\t\t\t\t<\/div>\n\t\t<\/section>\n\t\t\t\t<section class=\"elementor-section elementor-top-section elementor-element elementor-element-43ce0ef elementor-section-boxed elementor-section-height-default elementor-section-height-default\" data-id=\"43ce0ef\" data-element_type=\"section\">\n\t\t\t\t\t\t<div class=\"elementor-container elementor-column-gap-default\">\n\t\t\t\t\t<div class=\"elementor-column elementor-col-100 elementor-top-column elementor-element elementor-element-c3449e9\" data-id=\"c3449e9\" data-element_type=\"column\">\n\t\t\t<div class=\"elementor-widget-wrap elementor-element-populated\">\n\t\t\t\t\t\t<div class=\"elementor-element elementor-element-587c942 elementor-widget elementor-widget-heading\" data-id=\"587c942\" data-element_type=\"widget\" data-widget_type=\"heading.default\">\n\t\t\t\t<div class=\"elementor-widget-container\">\n\t\t\t\t\t<h2 class=\"elementor-heading-title elementor-size-default\"><strong>Pourquoi cr\u00e9er un emploi du temps est-il crucial ?<\/strong><\/h2>\t\t\t\t<\/div>\n\t\t\t\t<\/div>\n\t\t\t\t\t<\/div>\n\t\t<\/div>\n\t\t\t\t\t<\/div>\n\t\t<\/section>\n\t\t\t\t<section class=\"elementor-section elementor-top-section elementor-element elementor-element-9e57266 elementor-section-boxed elementor-section-height-default elementor-section-height-default\" data-id=\"9e57266\" data-element_type=\"section\">\n\t\t\t\t\t\t<div class=\"elementor-container elementor-column-gap-default\">\n\t\t\t\t\t<div class=\"elementor-column elementor-col-100 elementor-top-column elementor-element elementor-element-2e808fe\" data-id=\"2e808fe\" data-element_type=\"column\">\n\t\t\t<div class=\"elementor-widget-wrap elementor-element-populated\">\n\t\t\t\t\t\t<div class=\"elementor-element elementor-element-dc2b2ee elementor-widget elementor-widget-text-editor\" data-id=\"dc2b2ee\" data-element_type=\"widget\" data-widget_type=\"text-editor.default\">\n\t\t\t\t<div class=\"elementor-widget-container\">\n\t\t\t\t\t\t\t\t\t<p>Il est ind\u00e9niable que le succ\u00e8s acad\u00e9mique est intimement li\u00e9 \u00e0 la mani\u00e8re dont nous organisons notre pr\u00e9cieux temps. Cr\u00e9er un emploi du temps va bien au-del\u00e0 d&rsquo;une simple planification : c&rsquo;est fa\u00e7onner le cadre m\u00eame de nos journ\u00e9es. C&rsquo;est \u00e9riger une structure solide qui non seulement ordonne nos activit\u00e9s, mais qui \u00e9galement fa\u00e7onne notre bien-\u00eatre mental. En effet, ce pr\u00e9cieux outil nous offre bien plus que des plages horaires d\u00e9finies ; il nous octroie la possibilit\u00e9 de naviguer \u00e0 travers nos responsabilit\u00e9s avec s\u00e9r\u00e9nit\u00e9, de r\u00e9duire le poids du stress qui pourrait nous submerger autrement, et de cultiver une concentration aiguis\u00e9e et durable. L&#8217;emploi du temps devient ainsi le complice de nos ambitions acad\u00e9miques, mais \u00e9galement le gardien vigilant de notre \u00e9quilibre personnel. En somme, c&rsquo;est l&rsquo;atout ind\u00e9niable qui nous propulse vers la r\u00e9alisation de nos objectifs, acad\u00e9miques autant que personnels.<\/p>\t\t\t\t\t\t\t\t<\/div>\n\t\t\t\t<\/div>\n\t\t\t\t\t<\/div>\n\t\t<\/div>\n\t\t\t\t\t<\/div>\n\t\t<\/section>\n\t\t\t\t<section class=\"elementor-section elementor-top-section elementor-element elementor-element-bf8a188 elementor-section-boxed elementor-section-height-default elementor-section-height-default\" data-id=\"bf8a188\" data-element_type=\"section\">\n\t\t\t\t\t\t<div class=\"elementor-container elementor-column-gap-default\">\n\t\t\t\t\t<div class=\"elementor-column elementor-col-100 elementor-top-column elementor-element elementor-element-1044a9e\" data-id=\"1044a9e\" data-element_type=\"column\">\n\t\t\t<div class=\"elementor-widget-wrap elementor-element-populated\">\n\t\t\t\t\t\t<div class=\"elementor-element elementor-element-262f7bb elementor-widget elementor-widget-heading\" data-id=\"262f7bb\" data-element_type=\"widget\" data-widget_type=\"heading.default\">\n\t\t\t\t<div class=\"elementor-widget-container\">\n\t\t\t\t\t<h2 class=\"elementor-heading-title elementor-size-default\"><strong>Cr\u00e9er un emploi du temps scolaire : \u00c9tapes pr\u00e9liminaires <\/strong><\/h2>\t\t\t\t<\/div>\n\t\t\t\t<\/div>\n\t\t\t\t\t<\/div>\n\t\t<\/div>\n\t\t\t\t\t<\/div>\n\t\t<\/section>\n\t\t\t\t<section class=\"elementor-section elementor-top-section elementor-element elementor-element-75e828a elementor-section-boxed elementor-section-height-default elementor-section-height-default\" data-id=\"75e828a\" data-element_type=\"section\">\n\t\t\t\t\t\t<div class=\"elementor-container elementor-column-gap-default\">\n\t\t\t\t\t<div class=\"elementor-column elementor-col-100 elementor-top-column elementor-element elementor-element-96b9a13\" data-id=\"96b9a13\" data-element_type=\"column\">\n\t\t\t<div class=\"elementor-widget-wrap elementor-element-populated\">\n\t\t\t\t\t\t<div class=\"elementor-element elementor-element-56b5431 elementor-widget elementor-widget-text-editor\" data-id=\"56b5431\" data-element_type=\"widget\" data-widget_type=\"text-editor.default\">\n\t\t\t\t<div class=\"elementor-widget-container\">\n\t\t\t\t\t\t\t\t\t<p>Avant de vous lancer t\u00eate baiss\u00e9e dans la cr\u00e9ation de votre emploi du temps, il est primordial de prendre un instant pour poser les bases, tel un architecte m\u00e9ticuleux avant la construction d&rsquo;un \u00e9difice. Rassemblez consciencieusement vos cours, feuilles de route de l&rsquo;apprentissage, et tout ce qui se rapporte \u00e0 votre cursus acad\u00e9mique. En parall\u00e8le, \u00e9valuez avec finesse vos engagements en dehors des murs de l&rsquo;\u00e9cole, qu&rsquo;ils soient associ\u00e9s \u00e0 des activit\u00e9s parascolaires, des responsabilit\u00e9s familiales ou sociales.<\/p><p>Ce n&rsquo;est qu&rsquo;en appr\u00e9hendant ces diff\u00e9rents pans de votre quotidien que vous pourrez v\u00e9ritablement cr\u00e9er un emploi du temps r\u00e9aliste, en parfaite harmonie avec vos aspirations et vos capacit\u00e9s. L&rsquo;identification de vos moments de pointe, ces instants o\u00f9 votre concentration est \u00e0 son z\u00e9nith, devient alors une pr\u00e9cieuse pierre angulaire. Ces pr\u00e9paratifs pr\u00e9liminaires sont le terreau fertile sur lequel s&rsquo;\u00e9panouira un emploi du temps \u00e0 la fois authentique et r\u00e9alisable, align\u00e9 sur vos besoins et vos objectifs.<\/p>\t\t\t\t\t\t\t\t<\/div>\n\t\t\t\t<\/div>\n\t\t\t\t\t<\/div>\n\t\t<\/div>\n\t\t\t\t\t<\/div>\n\t\t<\/section>\n\t\t\t\t<section class=\"elementor-section elementor-top-section elementor-element elementor-element-4c19416 elementor-section-boxed elementor-section-height-default elementor-section-height-default\" data-id=\"4c19416\" data-element_type=\"section\">\n\t\t\t\t\t\t<div class=\"elementor-container elementor-column-gap-default\">\n\t\t\t\t\t<div class=\"elementor-column elementor-col-100 elementor-top-column elementor-element elementor-element-4a29888\" data-id=\"4a29888\" data-element_type=\"column\">\n\t\t\t<div class=\"elementor-widget-wrap elementor-element-populated\">\n\t\t\t\t\t\t<div class=\"elementor-element elementor-element-328baef elementor-widget elementor-widget-heading\" data-id=\"328baef\" data-element_type=\"widget\" data-widget_type=\"heading.default\">\n\t\t\t\t<div class=\"elementor-widget-container\">\n\t\t\t\t\t<h2 class=\"elementor-heading-title elementor-size-default\"><strong>Identifier les priorit\u00e9s pour cr\u00e9er un emploi du temps scolaire ?<\/strong><\/h2>\t\t\t\t<\/div>\n\t\t\t\t<\/div>\n\t\t\t\t\t<\/div>\n\t\t<\/div>\n\t\t\t\t\t<\/div>\n\t\t<\/section>\n\t\t\t\t<section class=\"elementor-section elementor-top-section elementor-element elementor-element-fa866c7 elementor-section-boxed elementor-section-height-default elementor-section-height-default\" data-id=\"fa866c7\" data-element_type=\"section\">\n\t\t\t\t\t\t<div class=\"elementor-container elementor-column-gap-default\">\n\t\t\t\t\t<div class=\"elementor-column elementor-col-100 elementor-top-column elementor-element elementor-element-50163e6\" data-id=\"50163e6\" data-element_type=\"column\">\n\t\t\t<div class=\"elementor-widget-wrap elementor-element-populated\">\n\t\t\t\t\t\t<div class=\"elementor-element elementor-element-adc6ccb elementor-widget elementor-widget-text-editor\" data-id=\"adc6ccb\" data-element_type=\"widget\" data-widget_type=\"text-editor.default\">\n\t\t\t\t<div class=\"elementor-widget-container\">\n\t\t\t\t\t\t\t\t\t<p>Interrogez-vous avec profondeur : Quelles sont les sph\u00e8res de ma vie qui rev\u00eatent une importance primordiale ? Est-ce la phase cruciale de pr\u00e9paration aux examens, la participation enthousiaste \u00e0 des activit\u00e9s parascolaires qui enrichissent votre parcours, ou bien le pr\u00e9cieux temps \u00e0 partager en famille ? Prenez le temps de scruter ces diff\u00e9rents aspects de votre existence et accordez-leur leur juste valeur. Cette introspection d\u00e9licate vous permettra d&rsquo;\u00e9tablir une hi\u00e9rarchie au sein de vos engagements, comme un chef d&rsquo;orchestre qui donne une cadence pr\u00e9cise \u00e0 chaque note. Cette d\u00e9marche, loin d&rsquo;\u00eatre anodine, constitue le fondement m\u00eame d&rsquo;une planification fructueuse. En attribuant \u00e0 chaque \u00e9l\u00e9ment sa juste place dans votre emploi du temps, vous \u0153uvrez vers une harmonie orchestr\u00e9e entre vos aspirations, vos obligations et vos moments de ressourcement. Cette hi\u00e9rarchisation est la cl\u00e9 d&rsquo;une planification r\u00e9ussie, guid\u00e9e par une compr\u00e9hension profonde de vos priorit\u00e9s.<\/p>\t\t\t\t\t\t\t\t<\/div>\n\t\t\t\t<\/div>\n\t\t\t\t\t<\/div>\n\t\t<\/div>\n\t\t\t\t\t<\/div>\n\t\t<\/section>\n\t\t\t\t<section class=\"elementor-section elementor-top-section elementor-element elementor-element-49ce43c elementor-section-boxed elementor-section-height-default elementor-section-height-default\" data-id=\"49ce43c\" data-element_type=\"section\">\n\t\t\t\t\t\t<div class=\"elementor-container elementor-column-gap-default\">\n\t\t\t\t\t<div class=\"elementor-column elementor-col-100 elementor-top-column elementor-element elementor-element-075269a\" data-id=\"075269a\" data-element_type=\"column\">\n\t\t\t<div class=\"elementor-widget-wrap elementor-element-populated\">\n\t\t\t\t\t\t<div class=\"elementor-element elementor-element-810d077 elementor-widget elementor-widget-heading\" data-id=\"810d077\" data-element_type=\"widget\" data-widget_type=\"heading.default\">\n\t\t\t\t<div class=\"elementor-widget-container\">\n\t\t\t\t\t<h2 class=\"elementor-heading-title elementor-size-default\"><strong>Cr\u00e9er des plages horaires d\u00e9di\u00e9es<\/strong><\/h2>\t\t\t\t<\/div>\n\t\t\t\t<\/div>\n\t\t\t\t\t<\/div>\n\t\t<\/div>\n\t\t\t\t\t<\/div>\n\t\t<\/section>\n\t\t\t\t<section class=\"elementor-section elementor-top-section elementor-element elementor-element-cad1b69 elementor-section-boxed elementor-section-height-default elementor-section-height-default\" data-id=\"cad1b69\" data-element_type=\"section\">\n\t\t\t\t\t\t<div class=\"elementor-container elementor-column-gap-default\">\n\t\t\t\t\t<div class=\"elementor-column elementor-col-100 elementor-top-column elementor-element elementor-element-f7f0660\" data-id=\"f7f0660\" data-element_type=\"column\">\n\t\t\t<div class=\"elementor-widget-wrap elementor-element-populated\">\n\t\t\t\t\t\t<div class=\"elementor-element elementor-element-736b1a3 elementor-widget elementor-widget-text-editor\" data-id=\"736b1a3\" data-element_type=\"widget\" data-widget_type=\"text-editor.default\">\n\t\t\t\t<div class=\"elementor-widget-container\">\n\t\t\t\t\t\t\t\t\t<p>Lorem ipsum dolor sit amet, consectetur adipiscing elit. Ut elit tellus, luctus nec ullamcorper mattis, pulvinar dapibus leo.Attribuez avec soin des cr\u00e9neaux horaires pr\u00e9cis \u00e0 chaque t\u00e2che. Comme un jardinier attentif qui distribue l&rsquo;eau avec pr\u00e9cision \u00e0 ses plantes, cette allocation minutieuse \u00e9vite la surcharge de votre agenda et garantit une immersion totale dans chaque session d&rsquo;\u00e9tude ou activit\u00e9. En d\u00e9limitant ces plages temporelles sp\u00e9cifiques, vous dessinez les contours d&rsquo;une journ\u00e9e \u00e9quilibr\u00e9e, o\u00f9 chaque responsabilit\u00e9 trouve son espace d\u00e9di\u00e9. Cette approche m\u00e9ticuleuse s&rsquo;av\u00e8re \u00eatre un pilier fondamental pour pr\u00e9server la qualit\u00e9 de votre concentration, en vous permettant de vous immerger pleinement dans la t\u00e2che en cours sans \u00eatre distrait par d&rsquo;autres obligations. En clair, c&rsquo;est l&rsquo;art de jongler avec le temps pour cultiver une attention maximale, offrant ainsi un terrain propice \u00e0 la r\u00e9ussite de vos efforts acad\u00e9miques et de vos diverses activit\u00e9s.<\/p>\t\t\t\t\t\t\t\t<\/div>\n\t\t\t\t<\/div>\n\t\t\t\t\t<\/div>\n\t\t<\/div>\n\t\t\t\t\t<\/div>\n\t\t<\/section>\n\t\t\t\t<section class=\"elementor-section elementor-top-section elementor-element elementor-element-5bc4f46 elementor-section-boxed elementor-section-height-default elementor-section-height-default\" data-id=\"5bc4f46\" data-element_type=\"section\">\n\t\t\t\t\t\t<div class=\"elementor-container elementor-column-gap-default\">\n\t\t\t\t\t<div class=\"elementor-column elementor-col-100 elementor-top-column elementor-element elementor-element-e655a88\" data-id=\"e655a88\" data-element_type=\"column\">\n\t\t\t<div class=\"elementor-widget-wrap elementor-element-populated\">\n\t\t\t\t\t\t<div class=\"elementor-element elementor-element-c84d849 elementor-widget elementor-widget-heading\" data-id=\"c84d849\" data-element_type=\"widget\" data-widget_type=\"heading.default\">\n\t\t\t\t<div class=\"elementor-widget-container\">\n\t\t\t\t\t<h2 class=\"elementor-heading-title elementor-size-default\"><strong>L'importance des pauses<\/strong><\/h2>\t\t\t\t<\/div>\n\t\t\t\t<\/div>\n\t\t\t\t\t<\/div>\n\t\t<\/div>\n\t\t\t\t\t<\/div>\n\t\t<\/section>\n\t\t\t\t<section class=\"elementor-section elementor-top-section elementor-element elementor-element-d634475 elementor-section-boxed elementor-section-height-default elementor-section-height-default\" data-id=\"d634475\" data-element_type=\"section\">\n\t\t\t\t\t\t<div class=\"elementor-container elementor-column-gap-default\">\n\t\t\t\t\t<div class=\"elementor-column elementor-col-100 elementor-top-column elementor-element elementor-element-883fe7a\" data-id=\"883fe7a\" data-element_type=\"column\">\n\t\t\t<div class=\"elementor-widget-wrap elementor-element-populated\">\n\t\t\t\t\t\t<div class=\"elementor-element elementor-element-670111b elementor-widget elementor-widget-text-editor\" data-id=\"670111b\" data-element_type=\"widget\" data-widget_type=\"text-editor.default\">\n\t\t\t\t<div class=\"elementor-widget-container\">\n\t\t\t\t\t\t\t\t\t<p>Accordez-leur toute l&rsquo;importance qu&rsquo;elles m\u00e9ritent : les pauses repr\u00e9sentent un maillon essentiel pour pr\u00e9server votre productivit\u00e9. Int\u00e9grer des pauses r\u00e9guli\u00e8res dans votre emploi du temps revient \u00e0 offrir \u00e0 votre cerveau un pr\u00e9cieux moment de recharge. Cette parenth\u00e8se, loin d&rsquo;\u00eatre une simple interruption, se r\u00e9v\u00e8le \u00eatre une cl\u00e9 essentielle pour une meilleure absorption des connaissances et des informations. Comme un instrument de musique qui requiert un temps de repos pour retrouver sa justesse, votre esprit a besoin de ces instants de r\u00e9cup\u00e9ration pour assimiler pleinement le contenu \u00e9tudi\u00e9. En insufflant ces pauses \u00e0 intervalles r\u00e9guliers, vous offrez \u00e0 votre cerveau la chance de se ressourcer, favorisant ainsi une concentration accrue lors de vos sessions d&rsquo;\u00e9tude suivantes. Ces pauses deviennent alors de pr\u00e9cieuses alli\u00e9es, vous permettant de maintenir un niveau de performance optimal tout en pr\u00e9servant la fra\u00eecheur de votre esprit.<\/p>\t\t\t\t\t\t\t\t<\/div>\n\t\t\t\t<\/div>\n\t\t\t\t\t<\/div>\n\t\t<\/div>\n\t\t\t\t\t<\/div>\n\t\t<\/section>\n\t\t\t\t<section class=\"elementor-section elementor-top-section elementor-element elementor-element-0d6b28a elementor-section-boxed elementor-section-height-default elementor-section-height-default\" data-id=\"0d6b28a\" data-element_type=\"section\">\n\t\t\t\t\t\t<div class=\"elementor-container elementor-column-gap-default\">\n\t\t\t\t\t<div class=\"elementor-column elementor-col-100 elementor-top-column elementor-element elementor-element-1d007c6\" data-id=\"1d007c6\" data-element_type=\"column\">\n\t\t\t<div class=\"elementor-widget-wrap elementor-element-populated\">\n\t\t\t\t\t\t<div class=\"elementor-element elementor-element-35cad97 elementor-widget elementor-widget-heading\" data-id=\"35cad97\" data-element_type=\"widget\" data-widget_type=\"heading.default\">\n\t\t\t\t<div class=\"elementor-widget-container\">\n\t\t\t\t\t<h2 class=\"elementor-heading-title elementor-size-default\"><strong>Lutter contre la procrastination<\/strong><\/h2>\t\t\t\t<\/div>\n\t\t\t\t<\/div>\n\t\t\t\t\t<\/div>\n\t\t<\/div>\n\t\t\t\t\t<\/div>\n\t\t<\/section>\n\t\t\t\t<section class=\"elementor-section elementor-top-section elementor-element elementor-element-20f075c elementor-section-boxed elementor-section-height-default elementor-section-height-default\" data-id=\"20f075c\" data-element_type=\"section\">\n\t\t\t\t\t\t<div class=\"elementor-container elementor-column-gap-default\">\n\t\t\t\t\t<div class=\"elementor-column elementor-col-100 elementor-top-column elementor-element elementor-element-850e1a1\" data-id=\"850e1a1\" data-element_type=\"column\">\n\t\t\t<div class=\"elementor-widget-wrap elementor-element-populated\">\n\t\t\t\t\t\t<div class=\"elementor-element elementor-element-78939e9 elementor-widget elementor-widget-text-editor\" data-id=\"78939e9\" data-element_type=\"widget\" data-widget_type=\"text-editor.default\">\n\t\t\t\t<div class=\"elementor-widget-container\">\n\t\t\t\t\t\t\t\t\t<p>La procrastination, cette tentation subtile de remettre au lendemain ce que l&rsquo;on pourrait faire aujourd&rsquo;hui, peut se dresser comme un v\u00e9ritable obstacle sur le chemin de la productivit\u00e9. Pour la surpasser, il est crucial de d\u00e9velopper des strat\u00e9gies efficaces. Parmi celles-ci, la m\u00e9thode Pomodoro se distingue par son approche par intervalles de temps. En divisant vos sessions de travail en tranches de temps d\u00e9finies &#8211; typiquement 25 minutes de concentration intense suivies de 5 minutes de pause &#8211; cette m\u00e9thode transforme la t\u00e2che redout\u00e9e en une s\u00e9rie de d\u00e9fis g\u00e9rables et atteignables.<\/p><p>Ce d\u00e9coupage minutieux du temps permet de d\u00e9samorcer la tentation de remettre les activit\u00e9s \u00e0 plus tard en les rendant plus accessibles et moins intimidantes. En adoptant cette technique ou d&rsquo;autres approches similaires, vous instaurez un rythme cadenc\u00e9 qui dynamise votre travail tout en brisant les barri\u00e8res de la procrastination, vous propulsant ainsi vers une plus grande efficacit\u00e9 dans l&rsquo;accomplissement de vos t\u00e2ches.<\/p>\t\t\t\t\t\t\t\t<\/div>\n\t\t\t\t<\/div>\n\t\t\t\t\t<\/div>\n\t\t<\/div>\n\t\t\t\t\t<\/div>\n\t\t<\/section>\n\t\t\t\t<section class=\"elementor-section elementor-top-section elementor-element elementor-element-a22cfd0 elementor-section-boxed elementor-section-height-default elementor-section-height-default\" data-id=\"a22cfd0\" data-element_type=\"section\">\n\t\t\t\t\t\t<div class=\"elementor-container elementor-column-gap-default\">\n\t\t\t\t\t<div class=\"elementor-column elementor-col-100 elementor-top-column elementor-element elementor-element-5621046\" data-id=\"5621046\" data-element_type=\"column\">\n\t\t\t<div class=\"elementor-widget-wrap elementor-element-populated\">\n\t\t\t\t\t\t<div class=\"elementor-element elementor-element-05a1d22 elementor-widget elementor-widget-heading\" data-id=\"05a1d22\" data-element_type=\"widget\" data-widget_type=\"heading.default\">\n\t\t\t\t<div class=\"elementor-widget-container\">\n\t\t\t\t\t<h2 class=\"elementor-heading-title elementor-size-default\"><strong>Adaptation en cas d'impr\u00e9vus<\/strong><\/h2>\t\t\t\t<\/div>\n\t\t\t\t<\/div>\n\t\t\t\t\t<\/div>\n\t\t<\/div>\n\t\t\t\t\t<\/div>\n\t\t<\/section>\n\t\t\t\t<section class=\"elementor-section elementor-top-section elementor-element elementor-element-332863f elementor-section-boxed elementor-section-height-default elementor-section-height-default\" data-id=\"332863f\" data-element_type=\"section\">\n\t\t\t\t\t\t<div class=\"elementor-container elementor-column-gap-default\">\n\t\t\t\t\t<div class=\"elementor-column elementor-col-100 elementor-top-column elementor-element elementor-element-49a1a23\" data-id=\"49a1a23\" data-element_type=\"column\">\n\t\t\t<div class=\"elementor-widget-wrap elementor-element-populated\">\n\t\t\t\t\t\t<div class=\"elementor-element elementor-element-62f90c2 elementor-widget elementor-widget-text-editor\" data-id=\"62f90c2\" data-element_type=\"widget\" data-widget_type=\"text-editor.default\">\n\t\t\t\t<div class=\"elementor-widget-container\">\n\t\t\t\t\t\t\t\t\t<p>La vie est souvent ponctu\u00e9e d&rsquo;impr\u00e9vus, de ces moments inattendus qui chamboulent parfois nos plans soigneusement \u00e9tablis. Il est alors imp\u00e9ratif d&rsquo;\u00eatre pr\u00eat \u00e0 ajuster votre emploi du temps en cons\u00e9quence. Adopter une approche flexible face \u00e0 ces changements s&rsquo;av\u00e8re \u00eatre une qualit\u00e9 pr\u00e9cieuse. \u00catre flexible, c&rsquo;est comme naviguer sur un cours d&rsquo;eau : vous devez ajuster votre cap pour vous adapter aux virages inattendus. Cette flexibilit\u00e9 dans la gestion de votre temps vous permet de rebondir face aux impr\u00e9vus sans compromettre l&rsquo;ensemble de votre emploi du temps. Elle vous offre la libert\u00e9 de r\u00e9organiser vos activit\u00e9s, de reprioriser vos t\u00e2ches et d&rsquo;adopter de nouvelles strat\u00e9gies pour conserver une progression constante malgr\u00e9 les al\u00e9as. En embrassant cette souplesse, vous transformez les impr\u00e9vus en opportunit\u00e9s d&rsquo;apprentissage, vous permettant ainsi de naviguer avec aisance \u00e0 travers les courants changeants de la vie quotidienne.<\/p>\t\t\t\t\t\t\t\t<\/div>\n\t\t\t\t<\/div>\n\t\t\t\t\t<\/div>\n\t\t<\/div>\n\t\t\t\t\t<\/div>\n\t\t<\/section>\n\t\t\t\t<section class=\"elementor-section elementor-top-section elementor-element elementor-element-f51cbdd elementor-section-boxed elementor-section-height-default elementor-section-height-default\" data-id=\"f51cbdd\" data-element_type=\"section\">\n\t\t\t\t\t\t<div class=\"elementor-container elementor-column-gap-default\">\n\t\t\t\t\t<div class=\"elementor-column elementor-col-100 elementor-top-column elementor-element elementor-element-6f2a0ca\" data-id=\"6f2a0ca\" data-element_type=\"column\">\n\t\t\t<div class=\"elementor-widget-wrap elementor-element-populated\">\n\t\t\t\t\t\t<div class=\"elementor-element elementor-element-de3a60c elementor-widget elementor-widget-heading\" data-id=\"de3a60c\" data-element_type=\"widget\" data-widget_type=\"heading.default\">\n\t\t\t\t<div class=\"elementor-widget-container\">\n\t\t\t\t\t<h2 class=\"elementor-heading-title elementor-size-default\"><strong>Utilisation d'outils num\u00e9riques<\/strong><\/h2>\t\t\t\t<\/div>\n\t\t\t\t<\/div>\n\t\t\t\t\t<\/div>\n\t\t<\/div>\n\t\t\t\t\t<\/div>\n\t\t<\/section>\n\t\t\t\t<section class=\"elementor-section elementor-top-section elementor-element elementor-element-2a6d1fb elementor-section-boxed elementor-section-height-default elementor-section-height-default\" data-id=\"2a6d1fb\" data-element_type=\"section\">\n\t\t\t\t\t\t<div class=\"elementor-container elementor-column-gap-default\">\n\t\t\t\t\t<div class=\"elementor-column elementor-col-100 elementor-top-column elementor-element elementor-element-b6f6ed8\" data-id=\"b6f6ed8\" data-element_type=\"column\">\n\t\t\t<div class=\"elementor-widget-wrap elementor-element-populated\">\n\t\t\t\t\t\t<div class=\"elementor-element elementor-element-9e1bd51 elementor-widget elementor-widget-text-editor\" data-id=\"9e1bd51\" data-element_type=\"widget\" data-widget_type=\"text-editor.default\">\n\t\t\t\t<div class=\"elementor-widget-container\">\n\t\t\t\t\t\t\t\t\t<p>Plongez dans l&rsquo;univers des outils num\u00e9riques afin de simplifier la gestion de votre temps. Des applications d\u00e9di\u00e9es \u00e0 la planification aux rappels astucieux, ces outils se r\u00e9v\u00e8lent \u00eatre de pr\u00e9cieux alli\u00e9s pour suivre et optimiser votre emploi du temps. En explorant ces solutions digitales, vous ouvrez la porte \u00e0 une organisation plus fluide et efficace de votre emploi du temps. Les applications de planification offrent une vue d&rsquo;ensemble claire de vos t\u00e2ches et activit\u00e9s, vous permettant ainsi de visualiser facilement vos engagements et de mieux r\u00e9partir votre temps. Les rappels intelligents vous aident \u00e0 rester \u00e0 jour et \u00e0 ne pas manquer les \u00e9ch\u00e9ances importantes, vous \u00e9vitant ainsi le stress li\u00e9 aux oublis.<\/p><p>En adoptant ces outils, vous transformez votre smartphone, tablette ou ordinateur en un assistant personnel d\u00e9di\u00e9 \u00e0 l&rsquo;optimisation de votre emploi du temps. Ces ressources technologiques deviennent alors les gardiens vigilants de votre productivit\u00e9, vous permettant ainsi de vous concentrer pleinement sur vos t\u00e2ches tout en r\u00e9duisant les risques d&rsquo;oubli ou de surcharge mentale.<\/p>\t\t\t\t\t\t\t\t<\/div>\n\t\t\t\t<\/div>\n\t\t\t\t\t<\/div>\n\t\t<\/div>\n\t\t\t\t\t<\/div>\n\t\t<\/section>\n\t\t\t\t<section class=\"elementor-section elementor-top-section elementor-element elementor-element-e1ba8a2 elementor-section-boxed elementor-section-height-default elementor-section-height-default\" data-id=\"e1ba8a2\" data-element_type=\"section\">\n\t\t\t\t\t\t<div class=\"elementor-container elementor-column-gap-default\">\n\t\t\t\t\t<div class=\"elementor-column elementor-col-100 elementor-top-column elementor-element elementor-element-e461fed\" data-id=\"e461fed\" data-element_type=\"column\">\n\t\t\t<div class=\"elementor-widget-wrap elementor-element-populated\">\n\t\t\t\t\t\t<div class=\"elementor-element elementor-element-695d445 elementor-widget elementor-widget-heading\" data-id=\"695d445\" data-element_type=\"widget\" data-widget_type=\"heading.default\">\n\t\t\t\t<div class=\"elementor-widget-container\">\n\t\t\t\t\t<h2 class=\"elementor-heading-title elementor-size-default\"><strong>Consistance et flexibilit\u00e9<\/strong><\/h2>\t\t\t\t<\/div>\n\t\t\t\t<\/div>\n\t\t\t\t\t<\/div>\n\t\t<\/div>\n\t\t\t\t\t<\/div>\n\t\t<\/section>\n\t\t\t\t<section class=\"elementor-section elementor-top-section elementor-element elementor-element-f76895f elementor-section-boxed elementor-section-height-default elementor-section-height-default\" data-id=\"f76895f\" data-element_type=\"section\">\n\t\t\t\t\t\t<div class=\"elementor-container elementor-column-gap-default\">\n\t\t\t\t\t<div class=\"elementor-column elementor-col-100 elementor-top-column elementor-element elementor-element-8a18ffd\" data-id=\"8a18ffd\" data-element_type=\"column\">\n\t\t\t<div class=\"elementor-widget-wrap elementor-element-populated\">\n\t\t\t\t\t\t<div class=\"elementor-element elementor-element-00cc9d7 elementor-widget elementor-widget-text-editor\" data-id=\"00cc9d7\" data-element_type=\"widget\" data-widget_type=\"text-editor.default\">\n\t\t\t\t<div class=\"elementor-widget-container\">\n\t\t\t\t\t\t\t\t\t<p>Trouver l&rsquo;\u00e9quilibre entre consistance et flexibilit\u00e9 repr\u00e9sente une cl\u00e9 essentielle dans le fait de cr\u00e9er un emploi du temps scolaire . Cultiver une routine r\u00e9guli\u00e8re et stable est ind\u00e9niablement crucial pour maintenir une structure et une discipline dans vos activit\u00e9s quotidiennes. Cependant, il est tout aussi important d&rsquo;\u00eatre ouvert aux ajustements pour r\u00e9pondre \u00e0 l&rsquo;\u00e9volution de vos besoins. Cette dualit\u00e9 entre consistance et flexibilit\u00e9 s&rsquo;apparente \u00e0 jongler entre une danse harmonieuse et une adaptation agile aux changements. La routine offre une base solide, un socle rassurant qui donne un cadre \u00e0 vos journ\u00e9es et favorise une certaine r\u00e9gularit\u00e9 dans vos activit\u00e9s.<\/p><p>Cependant, la flexibilit\u00e9 permet de s&rsquo;adapter aux circonstances changeantes de la vie, aux nouvelles priorit\u00e9s ou aux opportunit\u00e9s inattendues. En embrassant cette balance d\u00e9licate entre ces deux extr\u00e9mit\u00e9s, vous vous dotez d&rsquo;une feuille de route solide tout en conservant la libert\u00e9 n\u00e9cessaire pour ajuster votre trajectoire en fonction des fluctuations de votre quotidien. C&rsquo;est cette alliance harmonieuse entre constance et souplesse qui vous permet de naviguer avec aisance et assurance \u00e0 travers les multiples facettes de votre emploi du temps.<\/p>\t\t\t\t\t\t\t\t<\/div>\n\t\t\t\t<\/div>\n\t\t\t\t\t<\/div>\n\t\t<\/div>\n\t\t\t\t\t<\/div>\n\t\t<\/section>\n\t\t\t\t<section class=\"elementor-section elementor-top-section elementor-element elementor-element-248665e elementor-section-boxed elementor-section-height-default elementor-section-height-default\" data-id=\"248665e\" data-element_type=\"section\">\n\t\t\t\t\t\t<div class=\"elementor-container elementor-column-gap-default\">\n\t\t\t\t\t<div class=\"elementor-column elementor-col-100 elementor-top-column elementor-element elementor-element-115a527\" data-id=\"115a527\" data-element_type=\"column\">\n\t\t\t<div class=\"elementor-widget-wrap elementor-element-populated\">\n\t\t\t\t\t\t<div class=\"elementor-element elementor-element-31cf01d elementor-widget elementor-widget-heading\" data-id=\"31cf01d\" data-element_type=\"widget\" data-widget_type=\"heading.default\">\n\t\t\t\t<div class=\"elementor-widget-container\">\n\t\t\t\t\t<h2 class=\"elementor-heading-title elementor-size-default\"><strong>R\u00e9vision et ajustement r\u00e9guliers pour cr\u00e9er un emploi du temps scolaire parfait<\/strong><\/h2>\t\t\t\t<\/div>\n\t\t\t\t<\/div>\n\t\t\t\t\t<\/div>\n\t\t<\/div>\n\t\t\t\t\t<\/div>\n\t\t<\/section>\n\t\t\t\t<section class=\"elementor-section elementor-top-section elementor-element elementor-element-b3dae4f elementor-section-boxed elementor-section-height-default elementor-section-height-default\" data-id=\"b3dae4f\" data-element_type=\"section\">\n\t\t\t\t\t\t<div class=\"elementor-container elementor-column-gap-default\">\n\t\t\t\t\t<div class=\"elementor-column elementor-col-100 elementor-top-column elementor-element elementor-element-29c2a22\" data-id=\"29c2a22\" data-element_type=\"column\">\n\t\t\t<div class=\"elementor-widget-wrap elementor-element-populated\">\n\t\t\t\t\t\t<div class=\"elementor-element elementor-element-5767f73 elementor-widget elementor-widget-text-editor\" data-id=\"5767f73\" data-element_type=\"widget\" data-widget_type=\"text-editor.default\">\n\t\t\t\t<div class=\"elementor-widget-container\">\n\t\t\t\t\t\t\t\t\t<p>Planifiez consciencieusement des moments r\u00e9guliers pour revisiter et ajuster votre emploi du temps. Cette pratique p\u00e9riodique s&rsquo;av\u00e8re \u00eatre une pierre angulaire pour maintenir la pertinence continue de votre planification par rapport \u00e0 vos objectifs. En d\u00e9diant des cr\u00e9neaux d\u00e9finis \u00e0 cette r\u00e9\u00e9valuation, vous vous offrez la possibilit\u00e9 pr\u00e9cieuse de remettre en question et de r\u00e9ajuster votre emploi du temps au fil de l&rsquo;\u00e9volution de vos priorit\u00e9s et de vos engagements. Ces moments de r\u00e9vision constituent une opportunit\u00e9 de faire le point, de r\u00e9fl\u00e9chir \u00e0 l&rsquo;efficacit\u00e9 de votre planification, et d&rsquo;identifier d&rsquo;\u00e9ventuels ajustements n\u00e9cessaires pour rester align\u00e9 sur vos objectifs.<\/p><p>Cette d\u00e9marche proactive vous permet de garder le cap, d&rsquo;\u00e9viter la d\u00e9rive \u00e9ventuelle et de maintenir une coh\u00e9rence constante entre vos actions quotidiennes et vos aspirations \u00e0 long terme. En int\u00e9grant cette habitude de r\u00e9vision r\u00e9guli\u00e8re, vous garantissez la p\u00e9rennit\u00e9 et l&rsquo;adaptabilit\u00e9 de votre emploi du temps, en faisant de lui un instrument agile et toujours en phase avec vos ambitions \u00e9volutives.<\/p>\t\t\t\t\t\t\t\t<\/div>\n\t\t\t\t<\/div>\n\t\t\t\t\t<\/div>\n\t\t<\/div>\n\t\t\t\t\t<\/div>\n\t\t<\/section>\n\t\t\t\t<section class=\"elementor-section elementor-top-section elementor-element elementor-element-592d60d elementor-section-boxed elementor-section-height-default elementor-section-height-default\" data-id=\"592d60d\" data-element_type=\"section\">\n\t\t\t\t\t\t<div class=\"elementor-container elementor-column-gap-default\">\n\t\t\t\t\t<div class=\"elementor-column elementor-col-100 elementor-top-column elementor-element elementor-element-2b4d62c\" data-id=\"2b4d62c\" data-element_type=\"column\">\n\t\t\t<div class=\"elementor-widget-wrap elementor-element-populated\">\n\t\t\t\t\t\t<div class=\"elementor-element elementor-element-fa191b6 elementor-widget elementor-widget-heading\" data-id=\"fa191b6\" data-element_type=\"widget\" data-widget_type=\"heading.default\">\n\t\t\t\t<div class=\"elementor-widget-container\">\n\t\t\t\t\t<h2 class=\"elementor-heading-title elementor-size-default\"><strong>Conclusion<\/strong><\/h2>\t\t\t\t<\/div>\n\t\t\t\t<\/div>\n\t\t\t\t\t<\/div>\n\t\t<\/div>\n\t\t\t\t\t<\/div>\n\t\t<\/section>\n\t\t\t\t<section class=\"elementor-section elementor-top-section elementor-element elementor-element-70a52ce elementor-section-boxed elementor-section-height-default elementor-section-height-default\" data-id=\"70a52ce\" data-element_type=\"section\">\n\t\t\t\t\t\t<div class=\"elementor-container elementor-column-gap-default\">\n\t\t\t\t\t<div class=\"elementor-column elementor-col-100 elementor-top-column elementor-element elementor-element-08c44ca\" data-id=\"08c44ca\" data-element_type=\"column\">\n\t\t\t<div class=\"elementor-widget-wrap elementor-element-populated\">\n\t\t\t\t\t\t<div class=\"elementor-element elementor-element-e835701 elementor-widget elementor-widget-text-editor\" data-id=\"e835701\" data-element_type=\"widget\" data-widget_type=\"text-editor.default\">\n\t\t\t\t<div class=\"elementor-widget-container\">\n\t\t\t\t\t\t\t\t\t<p>En conclusion, lcr\u00e9er emploi du temps scolaire efficace est une \u00e9tape cruciale vers le succ\u00e8s acad\u00e9mique. En suivant ces conseils pratiques, vous pouvez \u00e9quilibrer vos responsabilit\u00e9s tout en pr\u00e9servant du temps pour vous-m\u00eame. N&rsquo;oubliez pas que votre emploi du temps est un outil puissant pour atteindre vos objectifs. De plus, en planifiant soigneusement chaque journ\u00e9e, vous pouvez maximiser votre productivit\u00e9 et optimiser votre temps d&rsquo;\u00e9tude. Il est \u00e9galement essentiel de prendre des pauses r\u00e9guli\u00e8res pour recharger vos batteries et rester concentr\u00e9.<\/p><p>En outre, n&rsquo;h\u00e9sitez pas \u00e0 consulter vos professeurs ou tuteurs pour obtenir des conseils suppl\u00e9mentaires sur la gestion du temps et l&rsquo;organisation de votre emploi du temps. Enfin, gardez \u00e0 l&rsquo;esprit que la flexibilit\u00e9 est \u00e9galement importante, car des ajustements peuvent \u00eatre n\u00e9cessaires en fonction des impr\u00e9vus et des priorit\u00e9s changeantes. En somme, en prenant le temps de concevoir un emploi du temps adapt\u00e9 \u00e0 vos besoins et en mettant en pratique des strat\u00e9gies efficaces de gestion du temps, vous augmentez consid\u00e9rablement vos chances de r\u00e9ussite scolaire et personnelle.<\/p>\t\t\t\t\t\t\t\t<\/div>\n\t\t\t\t<\/div>\n\t\t\t\t\t<\/div>\n\t\t<\/div>\n\t\t\t\t\t<\/div>\n\t\t<\/section>\n\t\t\t\t<\/div>\n\t\t","protected":false},"excerpt":{"rendered":"<p>Comment cr\u00e9er un emploi du temps scolaire? Comment Cr\u00e9er un Emploi du Temps Scolaire : Un Guide Pratique Bienvenue dans ce guide pratique d\u00e9di\u00e9 \u00e0 l&rsquo;art de cr\u00e9er un emploi du temps scolaire efficace, un pilier essentiel pour la r\u00e9ussite acad\u00e9mique, que vous soyez \u00e9tudiant, parent ou enseignant. L&rsquo;organisation du temps constitue le socle sur [&hellip;]<\/p>\n","protected":false},"author":6,"featured_media":0,"parent":2724,"menu_order":0,"comment_status":"closed","ping_status":"closed","template":"elementor_header_footer","meta":{"footnotes":""},"class_list":["post-3305","page","type-page","status-publish","hentry"],"yoast_head":"<!-- This site is optimized with the Yoast SEO plugin v24.2 - https:\/\/yoast.com\/wordpress\/plugins\/seo\/ -->\n<title>Comment cr\u00e9er un emploi du temps scolaire ?\u200b<\/title>\n<meta name=\"description\" content=\"D\u00e9couvrez des conseils pour cr\u00e9er un emploi du temps scolaire efficace avec notre guide pratique avec Educap.\" \/>\n<meta name=\"robots\" content=\"index, follow, max-snippet:-1, max-image-preview:large, max-video-preview:-1\" \/>\n<link rel=\"canonical\" href=\"https:\/\/educap.io\/fr_fr\/outils-scolaires\/emploi-du-temps-scolaire\/comment-creer-un-emploi-du-temps-scolaire\/\" \/>\n<meta property=\"og:locale\" content=\"fr_FR\" \/>\n<meta property=\"og:type\" content=\"article\" \/>\n<meta property=\"og:title\" content=\"Comment cr\u00e9er un emploi du temps scolaire ?\u200b\" \/>\n<meta property=\"og:description\" content=\"D\u00e9couvrez des conseils pour cr\u00e9er un emploi du temps scolaire efficace avec notre guide pratique avec Educap.\" \/>\n<meta property=\"og:url\" content=\"https:\/\/educap.io\/fr_fr\/outils-scolaires\/emploi-du-temps-scolaire\/comment-creer-un-emploi-du-temps-scolaire\/\" \/>\n<meta property=\"og:site_name\" content=\"Educap\" \/>\n<meta property=\"article:publisher\" content=\"https:\/\/www.facebook.com\/educap.io\" \/>\n<meta property=\"article:modified_time\" content=\"2024-08-13T09:39:15+00:00\" \/>\n<meta name=\"twitter:card\" content=\"summary_large_image\" \/>\n<meta name=\"twitter:label1\" content=\"Dur\u00e9e de lecture estim\u00e9e\" \/>\n\t<meta name=\"twitter:data1\" content=\"10 minutes\" \/>\n<script type=\"application\/ld+json\" class=\"yoast-schema-graph\">{\"@context\":\"https:\/\/schema.org\",\"@graph\":[{\"@type\":\"WebPage\",\"@id\":\"https:\/\/educap.io\/outils-scolaires\/emploi-du-temps-scolaire\/comment-creer-un-emploi-du-temps-scolaire\/\",\"url\":\"https:\/\/educap.io\/outils-scolaires\/emploi-du-temps-scolaire\/comment-creer-un-emploi-du-temps-scolaire\/\",\"name\":\"Comment cr\u00e9er un emploi du temps scolaire ?\u200b\",\"isPartOf\":{\"@id\":\"https:\/\/educap.io\/#website\"},\"datePublished\":\"2024-04-03T09:19:55+00:00\",\"dateModified\":\"2024-08-13T09:39:15+00:00\",\"description\":\"D\u00e9couvrez des conseils pour cr\u00e9er un emploi du temps scolaire efficace avec notre guide pratique avec Educap.\",\"breadcrumb\":{\"@id\":\"https:\/\/educap.io\/outils-scolaires\/emploi-du-temps-scolaire\/comment-creer-un-emploi-du-temps-scolaire\/#breadcrumb\"},\"inLanguage\":\"fr-FR\",\"potentialAction\":[{\"@type\":\"ReadAction\",\"target\":[\"https:\/\/educap.io\/outils-scolaires\/emploi-du-temps-scolaire\/comment-creer-un-emploi-du-temps-scolaire\/\"]}]},{\"@type\":\"BreadcrumbList\",\"@id\":\"https:\/\/educap.io\/outils-scolaires\/emploi-du-temps-scolaire\/comment-creer-un-emploi-du-temps-scolaire\/#breadcrumb\",\"itemListElement\":[{\"@type\":\"ListItem\",\"position\":1,\"name\":\"Accueil\",\"item\":\"https:\/\/educap.io\/fr_fr\/\"},{\"@type\":\"ListItem\",\"position\":2,\"name\":\"Outils scolaires\",\"item\":\"https:\/\/educap.io\/outils-scolaires\/\"},{\"@type\":\"ListItem\",\"position\":3,\"name\":\"Emploi du temps scolaire\",\"item\":\"https:\/\/educap.io\/outils-scolaires\/emploi-du-temps-scolaire\/\"},{\"@type\":\"ListItem\",\"position\":4,\"name\":\"Comment cr\u00e9er un emploi du temps scolaire ?\u200b\"}]},{\"@type\":\"WebSite\",\"@id\":\"https:\/\/educap.io\/#website\",\"url\":\"https:\/\/educap.io\/\",\"name\":\"Educap\",\"description\":\"\",\"potentialAction\":[{\"@type\":\"SearchAction\",\"target\":{\"@type\":\"EntryPoint\",\"urlTemplate\":\"https:\/\/educap.io\/?s={search_term_string}\"},\"query-input\":{\"@type\":\"PropertyValueSpecification\",\"valueRequired\":true,\"valueName\":\"search_term_string\"}}],\"inLanguage\":\"fr-FR\"}]}<\/script>\n<!-- \/ Yoast SEO plugin. -->","yoast_head_json":{"title":"Comment cr\u00e9er un emploi du temps scolaire ?\u200b","description":"D\u00e9couvrez des conseils pour cr\u00e9er un emploi du temps scolaire efficace avec notre guide pratique avec Educap.","robots":{"index":"index","follow":"follow","max-snippet":"max-snippet:-1","max-image-preview":"max-image-preview:large","max-video-preview":"max-video-preview:-1"},"canonical":"https:\/\/educap.io\/fr_fr\/outils-scolaires\/emploi-du-temps-scolaire\/comment-creer-un-emploi-du-temps-scolaire\/","og_locale":"fr_FR","og_type":"article","og_title":"Comment cr\u00e9er un emploi du temps scolaire ?\u200b","og_description":"D\u00e9couvrez des conseils pour cr\u00e9er un emploi du temps scolaire efficace avec notre guide pratique avec Educap.","og_url":"https:\/\/educap.io\/fr_fr\/outils-scolaires\/emploi-du-temps-scolaire\/comment-creer-un-emploi-du-temps-scolaire\/","og_site_name":"Educap","article_publisher":"https:\/\/www.facebook.com\/educap.io","article_modified_time":"2024-08-13T09:39:15+00:00","twitter_card":"summary_large_image","twitter_misc":{"Dur\u00e9e de lecture estim\u00e9e":"10 minutes"},"schema":{"@context":"https:\/\/schema.org","@graph":[{"@type":"WebPage","@id":"https:\/\/educap.io\/outils-scolaires\/emploi-du-temps-scolaire\/comment-creer-un-emploi-du-temps-scolaire\/","url":"https:\/\/educap.io\/outils-scolaires\/emploi-du-temps-scolaire\/comment-creer-un-emploi-du-temps-scolaire\/","name":"Comment cr\u00e9er un emploi du temps scolaire ?\u200b","isPartOf":{"@id":"https:\/\/educap.io\/#website"},"datePublished":"2024-04-03T09:19:55+00:00","dateModified":"2024-08-13T09:39:15+00:00","description":"D\u00e9couvrez des conseils pour cr\u00e9er un emploi du temps scolaire efficace avec notre guide pratique avec Educap.","breadcrumb":{"@id":"https:\/\/educap.io\/outils-scolaires\/emploi-du-temps-scolaire\/comment-creer-un-emploi-du-temps-scolaire\/#breadcrumb"},"inLanguage":"fr-FR","potentialAction":[{"@type":"ReadAction","target":["https:\/\/educap.io\/outils-scolaires\/emploi-du-temps-scolaire\/comment-creer-un-emploi-du-temps-scolaire\/"]}]},{"@type":"BreadcrumbList","@id":"https:\/\/educap.io\/outils-scolaires\/emploi-du-temps-scolaire\/comment-creer-un-emploi-du-temps-scolaire\/#breadcrumb","itemListElement":[{"@type":"ListItem","position":1,"name":"Accueil","item":"https:\/\/educap.io\/fr_fr\/"},{"@type":"ListItem","position":2,"name":"Outils scolaires","item":"https:\/\/educap.io\/outils-scolaires\/"},{"@type":"ListItem","position":3,"name":"Emploi du temps scolaire","item":"https:\/\/educap.io\/outils-scolaires\/emploi-du-temps-scolaire\/"},{"@type":"ListItem","position":4,"name":"Comment cr\u00e9er un emploi du temps scolaire ?\u200b"}]},{"@type":"WebSite","@id":"https:\/\/educap.io\/#website","url":"https:\/\/educap.io\/","name":"Educap","description":"","potentialAction":[{"@type":"SearchAction","target":{"@type":"EntryPoint","urlTemplate":"https:\/\/educap.io\/?s={search_term_string}"},"query-input":{"@type":"PropertyValueSpecification","valueRequired":true,"valueName":"search_term_string"}}],"inLanguage":"fr-FR"}]}},"_links":{"self":[{"href":"https:\/\/educap.io\/fr_fr\/wp-json\/wp\/v2\/pages\/3305","targetHints":{"allow":["GET"]}}],"collection":[{"href":"https:\/\/educap.io\/fr_fr\/wp-json\/wp\/v2\/pages"}],"about":[{"href":"https:\/\/educap.io\/fr_fr\/wp-json\/wp\/v2\/types\/page"}],"author":[{"embeddable":true,"href":"https:\/\/educap.io\/fr_fr\/wp-json\/wp\/v2\/users\/6"}],"replies":[{"embeddable":true,"href":"https:\/\/educap.io\/fr_fr\/wp-json\/wp\/v2\/comments?post=3305"}],"version-history":[{"count":7,"href":"https:\/\/educap.io\/fr_fr\/wp-json\/wp\/v2\/pages\/3305\/revisions"}],"predecessor-version":[{"id":3314,"href":"https:\/\/educap.io\/fr_fr\/wp-json\/wp\/v2\/pages\/3305\/revisions\/3314"}],"up":[{"embeddable":true,"href":"https:\/\/educap.io\/fr_fr\/wp-json\/wp\/v2\/pages\/2724"}],"wp:attachment":[{"href":"https:\/\/educap.io\/fr_fr\/wp-json\/wp\/v2\/media?parent=3305"}],"curies":[{"name":"wp","href":"https:\/\/api.w.org\/{rel}","templated":true}]}}